{"version":"1.0","provider_name":"Poro ja poronhoito","provider_url":"https:\/\/paliskunnat.fi\/poro","author_name":"Aarre Jortikka","author_url":"https:\/\/paliskunnat.fi\/poro\/author\/adminx\/","title":"Poron kes\u00e4 - Poro ja poronhoito","type":"rich","width":600,"height":338,"html":"<blockquote class=\"wp-embedded-content\" data-secret=\"O8VOUj31Aa\"><a href=\"https:\/\/paliskunnat.fi\/poro\/poro\/poron-vuosi\/kesa\/\">Poron kes\u00e4<\/a><\/blockquote><iframe sandbox=\"allow-scripts\" security=\"restricted\" src=\"https:\/\/paliskunnat.fi\/poro\/poro\/poron-vuosi\/kesa\/embed\/#?secret=O8VOUj31Aa\" width=\"600\" height=\"338\" title=\"&#8221;Poron kes\u00e4&#8221; &#8212; Poro ja poronhoito\" data-secret=\"O8VOUj31Aa\" frameborder=\"0\" marginwidth=\"0\" marginheight=\"0\" scrolling=\"no\" class=\"wp-embedded-content\"><\/iframe><script type=\"text\/javascript\">\n\/* <![CDATA[ *\/\n\/*! This file is auto-generated *\/\n!function(d,l){\"use strict\";l.querySelector&&d.addEventListener&&\"undefined\"!=typeof URL&&(d.wp=d.wp||{},d.wp.receiveEmbedMessage||(d.wp.receiveEmbedMessage=function(e){var t=e.data;if((t||t.secret||t.message||t.value)&&!\/[^a-zA-Z0-9]\/.test(t.secret)){for(var s,r,n,a=l.querySelectorAll('iframe[data-secret=\"'+t.secret+'\"]'),o=l.querySelectorAll('blockquote[data-secret=\"'+t.secret+'\"]'),c=new RegExp(\"^https?:$\",\"i\"),i=0;i<o.length;i++)o[i].style.display=\"none\";for(i=0;i<a.length;i++)s=a[i],e.source===s.contentWindow&&(s.removeAttribute(\"style\"),\"height\"===t.message?(1e3<(r=parseInt(t.value,10))?r=1e3:~~r<200&&(r=200),s.height=r):\"link\"===t.message&&(r=new URL(s.getAttribute(\"src\")),n=new URL(t.value),c.test(n.protocol))&&n.host===r.host&&l.activeElement===s&&(d.top.location.href=t.value))}},d.addEventListener(\"message\",d.wp.receiveEmbedMessage,!1),l.addEventListener(\"DOMContentLoaded\",function(){for(var e,t,s=l.querySelectorAll(\"iframe.wp-embedded-content\"),r=0;r<s.length;r++)(t=(e=s[r]).getAttribute(\"data-secret\"))||(t=Math.random().toString(36).substring(2,12),e.src+=\"#?secret=\"+t,e.setAttribute(\"data-secret\",t)),e.contentWindow.postMessage({message:\"ready\",secret:t},\"*\")},!1)))}(window,document);\n\/\/# sourceURL=https:\/\/paliskunnat.fi\/poro\/wp-includes\/js\/wp-embed.min.js\n\/* ]]> *\/\n<\/script>\n","description":"Kes\u00e4ll\u00e4 kasvetaan Kes\u00e4 on porolle kasvun ja ylt\u00e4kyll\u00e4isyyden aikaa. Kev\u00e4tkes\u00e4ll\u00e4\u00a0syntyneet vasat liikkuvat hennoilla koivillaan ketter\u00e4sti em\u00e4ns\u00e4 per\u00e4ss\u00e4. Alkukes\u00e4n vihanta kasvillisuus tarjoaa poroille runsaasti ravintoa. Erityisen suosittua ravintoa ovat tupasvillan maasta ty\u00f6ntyv\u00e4t kukinnot, joita poromiehet sanovat mustap\u00e4iksi (Helle 1982). My\u00f6s erilaiset sarat (Carex) ovat suosittua alkukes\u00e4n\u00a0herkkua. Kaikkiaan poron k\u00e4ytt\u00e4mi\u00e4 ravintokasveja on yli 350, joista t\u00e4rkeimpi\u00e4\u00a0lajeja on [&hellip;]","thumbnail_url":"https:\/\/paliskunnat.fi\/poro\/wp-content\/uploads\/2014\/12\/Porot_sallivaarassa_kesalla_2014.jpg"}