{"version":"1.0","provider_name":"Poro ja poronhoito","provider_url":"https:\/\/paliskunnat.fi\/poro","author_name":"Aarre Jortikka","author_url":"https:\/\/paliskunnat.fi\/poro\/author\/adminx\/","title":"Porot teill\u00e4 - Poro ja poronhoito","type":"rich","width":600,"height":338,"html":"<blockquote class=\"wp-embedded-content\" data-secret=\"ncu6YxDJDH\"><a href=\"https:\/\/paliskunnat.fi\/poro\/poro\/usein-kysyttya\/porot-tulevat-maantielle\/\">Porot teill\u00e4<\/a><\/blockquote><iframe sandbox=\"allow-scripts\" security=\"restricted\" src=\"https:\/\/paliskunnat.fi\/poro\/poro\/usein-kysyttya\/porot-tulevat-maantielle\/embed\/#?secret=ncu6YxDJDH\" width=\"600\" height=\"338\" title=\"&#8221;Porot teill\u00e4&#8221; &#8212; Poro ja poronhoito\" data-secret=\"ncu6YxDJDH\" frameborder=\"0\" marginwidth=\"0\" marginheight=\"0\" scrolling=\"no\" class=\"wp-embedded-content\"><\/iframe><script type=\"text\/javascript\">\n\/* <![CDATA[ *\/\n\/*! This file is auto-generated *\/\n!function(d,l){\"use strict\";l.querySelector&&d.addEventListener&&\"undefined\"!=typeof URL&&(d.wp=d.wp||{},d.wp.receiveEmbedMessage||(d.wp.receiveEmbedMessage=function(e){var t=e.data;if((t||t.secret||t.message||t.value)&&!\/[^a-zA-Z0-9]\/.test(t.secret)){for(var s,r,n,a=l.querySelectorAll('iframe[data-secret=\"'+t.secret+'\"]'),o=l.querySelectorAll('blockquote[data-secret=\"'+t.secret+'\"]'),c=new RegExp(\"^https?:$\",\"i\"),i=0;i<o.length;i++)o[i].style.display=\"none\";for(i=0;i<a.length;i++)s=a[i],e.source===s.contentWindow&&(s.removeAttribute(\"style\"),\"height\"===t.message?(1e3<(r=parseInt(t.value,10))?r=1e3:~~r<200&&(r=200),s.height=r):\"link\"===t.message&&(r=new URL(s.getAttribute(\"src\")),n=new URL(t.value),c.test(n.protocol))&&n.host===r.host&&l.activeElement===s&&(d.top.location.href=t.value))}},d.addEventListener(\"message\",d.wp.receiveEmbedMessage,!1),l.addEventListener(\"DOMContentLoaded\",function(){for(var e,t,s=l.querySelectorAll(\"iframe.wp-embedded-content\"),r=0;r<s.length;r++)(t=(e=s[r]).getAttribute(\"data-secret\"))||(t=Math.random().toString(36).substring(2,12),e.src+=\"#?secret=\"+t,e.setAttribute(\"data-secret\",t)),e.contentWindow.postMessage({message:\"ready\",secret:t},\"*\")},!1)))}(window,document);\n\/\/# sourceURL=https:\/\/paliskunnat.fi\/poro\/wp-includes\/js\/wp-embed.min.js\n\/* ]]> *\/\n<\/script>\n","description":"Miksi porot tulevat maantielle? Kev\u00e4\u00e4ll\u00e4 lumien sulaessa tienpientareilta porot tulevat sy\u00f6m\u00e4\u00e4n teiden reunoilta nousevaa vihantaa ruohoa.\u00a0Suurempina tokkina porot siirtyv\u00e4t maanteille r\u00e4k\u00e4n voimistuessa kes\u00e4-hein\u00e4kuussa. Avoimen tien p\u00e4\u00e4ll\u00e4 tuuli v\u00e4hent\u00e4\u00e4 poroja kiusaavien paarmojen, s\u00e4\u00e4skien ja m\u00e4k\u00e4rien lukum\u00e4\u00e4r\u00e4\u00e4. Lis\u00e4ksi tiest\u00e4 yl\u00f6sp\u00e4in kohoava l\u00e4mp\u00f6s\u00e4teily nostaa poroista erittyv\u00e4n hiilidioksidin ja l\u00e4mm\u00f6n yl\u00f6sp\u00e4in. T\u00e4ll\u00f6in r\u00e4kk\u00e4hy\u00f6nteiset eiv\u00e4t l\u00f6yd\u00e4 kohdettaan ja r\u00e4k\u00e4n poroille [&hellip;]","thumbnail_url":"https:\/\/paliskunnat.fi\/poro\/wp-content\/uploads\/2014\/09\/porot_tiella-500x300.jpg"}