{"id":113,"date":"2014-09-01T11:44:31","date_gmt":"2014-09-01T08:44:31","guid":{"rendered":"http:\/\/80.69.171.23\/poro\/?page_id=113"},"modified":"2015-10-02T20:08:56","modified_gmt":"2015-10-02T17:08:56","slug":"sopiiko-poro-lemmikiksi","status":"publish","type":"page","link":"https:\/\/paliskunnat.fi\/poro\/poro\/usein-kysyttya\/sopiiko-poro-lemmikiksi\/","title":{"rendered":"Poro lemmikkin\u00e4"},"content":{"rendered":"<h2>Sopiiko poro lemmikiksi?<\/h2>\n<p>Poro on puolivilli el\u00e4in, joka tarvitsee laajoja laidunalueita erilaisilla sy\u00f6t\u00e4vill\u00e4 kasveilla eri vuodenaikoina. Poro ei sovellu ymp\u00e4rivuotiseen aidassa pitoon, vaan k\u00e4rsii ja my\u00f6s hyvin helposti sairastuu ja kuolee t\u00e4llaisissa oloissa.<\/p>\n<p>Poronhoitoalueella porolla on vapaa laidunnusoikeus maanomistussuhteista riippumatta ja p\u00e4\u00e4osan vuodesta porot el\u00e4v\u00e4t koko poronhoitoalueella vapaana luonnossa, etsien sielt\u00e4 ravintonsa. Poronhoitoalueen etel\u00e4puolella t\u00e4llaista vapaata laidunnusoikeutta ei ole.<\/p>\n<p>El\u00e4insuojelullisista syist\u00e4 emme suosittele porojen hankkimista lajille ep\u00e4suotuisiin oloihin.<\/p>\n","protected":false},"excerpt":{"rendered":"<p>Sopiiko poro lemmikiksi? Poro on puolivilli el\u00e4in, joka tarvitsee laajoja laidunalueita erilaisilla sy\u00f6t\u00e4vill\u00e4 kasveilla eri vuodenaikoina. Poro ei sovellu ymp\u00e4rivuotiseen aidassa pitoon, vaan k\u00e4rsii ja my\u00f6s hyvin helposti sairastuu ja kuolee t\u00e4llaisissa oloissa. Poronhoitoalueella porolla on vapaa laidunnusoikeus maanomistussuhteista riippumatta ja p\u00e4\u00e4osan vuodesta porot el\u00e4v\u00e4t koko poronhoitoalueella vapaana luonnossa, etsien sielt\u00e4 ravintonsa. Poronhoitoalueen etel\u00e4puolella t\u00e4llaista [&hellip;]<\/p>\n","protected":false},"author":1,"featured_media":0,"parent":108,"menu_order":1,"comment_status":"open","ping_status":"closed","template":"","meta":{"footnotes":""},"class_list":["post-113","page","type-page","status-publish","hentry"],"yoast_head":"<!-- This site is optimized with the Yoast SEO plugin v27.2 - https:\/\/yoast.com\/product\/yoast-seo-wordpress\/ -->\n<title>Poro lemmikkin\u00e4 - Poro ja poronhoito<\/title>\n<meta name=\"robots\" content=\"index, follow, max-snippet:-1, max-image-preview:large, max-video-preview:-1\" \/>\n<link rel=\"canonical\" href=\"https:\/\/paliskunnat.fi\/poro\/poro\/usein-kysyttya\/sopiiko-poro-lemmikiksi\/\" \/>\n<meta property=\"og:locale\" content=\"fi_FI\" \/>\n<meta property=\"og:type\" content=\"article\" \/>\n<meta property=\"og:title\" content=\"Poro lemmikkin\u00e4 - Poro ja poronhoito\" \/>\n<meta property=\"og:description\" content=\"Sopiiko poro lemmikiksi? Poro on puolivilli el\u00e4in, joka tarvitsee laajoja laidunalueita erilaisilla sy\u00f6t\u00e4vill\u00e4 kasveilla eri vuodenaikoina. Poro ei sovellu ymp\u00e4rivuotiseen aidassa pitoon, vaan k\u00e4rsii ja my\u00f6s hyvin helposti sairastuu ja kuolee t\u00e4llaisissa oloissa. Poronhoitoalueella porolla on vapaa laidunnusoikeus maanomistussuhteista riippumatta ja p\u00e4\u00e4osan vuodesta porot el\u00e4v\u00e4t koko poronhoitoalueella vapaana luonnossa, etsien sielt\u00e4 ravintonsa. Poronhoitoalueen etel\u00e4puolella t\u00e4llaista [&hellip;]\" \/>\n<meta property=\"og:url\" content=\"https:\/\/paliskunnat.fi\/poro\/poro\/usein-kysyttya\/sopiiko-poro-lemmikiksi\/\" \/>\n<meta property=\"og:site_name\" content=\"Poro ja poronhoito\" \/>\n<meta property=\"article:modified_time\" content=\"2015-10-02T17:08:56+00:00\" \/>\n<meta name=\"twitter:card\" content=\"summary_large_image\" \/>\n<script type=\"application\/ld+json\" class=\"yoast-schema-graph\">{\"@context\":\"https:\/\/schema.org\",\"@graph\":[{\"@type\":\"WebPage\",\"@id\":\"https:\/\/paliskunnat.fi\/poro\/poro\/usein-kysyttya\/sopiiko-poro-lemmikiksi\/\",\"url\":\"https:\/\/paliskunnat.fi\/poro\/poro\/usein-kysyttya\/sopiiko-poro-lemmikiksi\/\",\"name\":\"Poro lemmikkin\u00e4 - Poro ja poronhoito\",\"isPartOf\":{\"@id\":\"https:\/\/paliskunnat.fi\/poro\/#website\"},\"datePublished\":\"2014-09-01T08:44:31+00:00\",\"dateModified\":\"2015-10-02T17:08:56+00:00\",\"breadcrumb\":{\"@id\":\"https:\/\/paliskunnat.fi\/poro\/poro\/usein-kysyttya\/sopiiko-poro-lemmikiksi\/#breadcrumb\"},\"inLanguage\":\"fi\",\"potentialAction\":[{\"@type\":\"ReadAction\",\"target\":[\"https:\/\/paliskunnat.fi\/poro\/poro\/usein-kysyttya\/sopiiko-poro-lemmikiksi\/\"]}]},{\"@type\":\"BreadcrumbList\",\"@id\":\"https:\/\/paliskunnat.fi\/poro\/poro\/usein-kysyttya\/sopiiko-poro-lemmikiksi\/#breadcrumb\",\"itemListElement\":[{\"@type\":\"ListItem\",\"position\":1,\"name\":\"Home\",\"item\":\"https:\/\/paliskunnat.fi\/poro\/\"},{\"@type\":\"ListItem\",\"position\":2,\"name\":\"Poro\",\"item\":\"https:\/\/paliskunnat.fi\/poro\/poro\/\"},{\"@type\":\"ListItem\",\"position\":3,\"name\":\"Usein kysytty\u00e4\",\"item\":\"https:\/\/paliskunnat.fi\/poro\/poro\/usein-kysyttya\/\"},{\"@type\":\"ListItem\",\"position\":4,\"name\":\"Poro lemmikkin\u00e4\"}]},{\"@type\":\"WebSite\",\"@id\":\"https:\/\/paliskunnat.fi\/poro\/#website\",\"url\":\"https:\/\/paliskunnat.fi\/poro\/\",\"name\":\"Poro ja poronhoito\",\"description\":\"Poro ja poronhoito Suomessa\",\"potentialAction\":[{\"@type\":\"SearchAction\",\"target\":{\"@type\":\"EntryPoint\",\"urlTemplate\":\"https:\/\/paliskunnat.fi\/poro\/?s={search_term_string}\"},\"query-input\":{\"@type\":\"PropertyValueSpecification\",\"valueRequired\":true,\"valueName\":\"search_term_string\"}}],\"inLanguage\":\"fi\"}]}<\/script>\n<!-- \/ Yoast SEO plugin. -->","yoast_head_json":{"title":"Poro lemmikkin\u00e4 - Poro ja poronhoito","robots":{"index":"index","follow":"follow","max-snippet":"max-snippet:-1","max-image-preview":"max-image-preview:large","max-video-preview":"max-video-preview:-1"},"canonical":"https:\/\/paliskunnat.fi\/poro\/poro\/usein-kysyttya\/sopiiko-poro-lemmikiksi\/","og_locale":"fi_FI","og_type":"article","og_title":"Poro lemmikkin\u00e4 - Poro ja poronhoito","og_description":"Sopiiko poro lemmikiksi? Poro on puolivilli el\u00e4in, joka tarvitsee laajoja laidunalueita erilaisilla sy\u00f6t\u00e4vill\u00e4 kasveilla eri vuodenaikoina. Poro ei sovellu ymp\u00e4rivuotiseen aidassa pitoon, vaan k\u00e4rsii ja my\u00f6s hyvin helposti sairastuu ja kuolee t\u00e4llaisissa oloissa. Poronhoitoalueella porolla on vapaa laidunnusoikeus maanomistussuhteista riippumatta ja p\u00e4\u00e4osan vuodesta porot el\u00e4v\u00e4t koko poronhoitoalueella vapaana luonnossa, etsien sielt\u00e4 ravintonsa. Poronhoitoalueen etel\u00e4puolella t\u00e4llaista [&hellip;]","og_url":"https:\/\/paliskunnat.fi\/poro\/poro\/usein-kysyttya\/sopiiko-poro-lemmikiksi\/","og_site_name":"Poro ja poronhoito","article_modified_time":"2015-10-02T17:08:56+00:00","twitter_card":"summary_large_image","schema":{"@context":"https:\/\/schema.org","@graph":[{"@type":"WebPage","@id":"https:\/\/paliskunnat.fi\/poro\/poro\/usein-kysyttya\/sopiiko-poro-lemmikiksi\/","url":"https:\/\/paliskunnat.fi\/poro\/poro\/usein-kysyttya\/sopiiko-poro-lemmikiksi\/","name":"Poro lemmikkin\u00e4 - Poro ja poronhoito","isPartOf":{"@id":"https:\/\/paliskunnat.fi\/poro\/#website"},"datePublished":"2014-09-01T08:44:31+00:00","dateModified":"2015-10-02T17:08:56+00:00","breadcrumb":{"@id":"https:\/\/paliskunnat.fi\/poro\/poro\/usein-kysyttya\/sopiiko-poro-lemmikiksi\/#breadcrumb"},"inLanguage":"fi","potentialAction":[{"@type":"ReadAction","target":["https:\/\/paliskunnat.fi\/poro\/poro\/usein-kysyttya\/sopiiko-poro-lemmikiksi\/"]}]},{"@type":"BreadcrumbList","@id":"https:\/\/paliskunnat.fi\/poro\/poro\/usein-kysyttya\/sopiiko-poro-lemmikiksi\/#breadcrumb","itemListElement":[{"@type":"ListItem","position":1,"name":"Home","item":"https:\/\/paliskunnat.fi\/poro\/"},{"@type":"ListItem","position":2,"name":"Poro","item":"https:\/\/paliskunnat.fi\/poro\/poro\/"},{"@type":"ListItem","position":3,"name":"Usein kysytty\u00e4","item":"https:\/\/paliskunnat.fi\/poro\/poro\/usein-kysyttya\/"},{"@type":"ListItem","position":4,"name":"Poro lemmikkin\u00e4"}]},{"@type":"WebSite","@id":"https:\/\/paliskunnat.fi\/poro\/#website","url":"https:\/\/paliskunnat.fi\/poro\/","name":"Poro ja poronhoito","description":"Poro ja poronhoito Suomessa","potentialAction":[{"@type":"SearchAction","target":{"@type":"EntryPoint","urlTemplate":"https:\/\/paliskunnat.fi\/poro\/?s={search_term_string}"},"query-input":{"@type":"PropertyValueSpecification","valueRequired":true,"valueName":"search_term_string"}}],"inLanguage":"fi"}]}},"_links":{"self":[{"href":"https:\/\/paliskunnat.fi\/poro\/wp-json\/wp\/v2\/pages\/113","targetHints":{"allow":["GET"]}}],"collection":[{"href":"https:\/\/paliskunnat.fi\/poro\/wp-json\/wp\/v2\/pages"}],"about":[{"href":"https:\/\/paliskunnat.fi\/poro\/wp-json\/wp\/v2\/types\/page"}],"author":[{"embeddable":true,"href":"https:\/\/paliskunnat.fi\/poro\/wp-json\/wp\/v2\/users\/1"}],"replies":[{"embeddable":true,"href":"https:\/\/paliskunnat.fi\/poro\/wp-json\/wp\/v2\/comments?post=113"}],"version-history":[{"count":44,"href":"https:\/\/paliskunnat.fi\/poro\/wp-json\/wp\/v2\/pages\/113\/revisions"}],"predecessor-version":[{"id":3286,"href":"https:\/\/paliskunnat.fi\/poro\/wp-json\/wp\/v2\/pages\/113\/revisions\/3286"}],"up":[{"embeddable":true,"href":"https:\/\/paliskunnat.fi\/poro\/wp-json\/wp\/v2\/pages\/108"}],"wp:attachment":[{"href":"https:\/\/paliskunnat.fi\/poro\/wp-json\/wp\/v2\/media?parent=113"}],"curies":[{"name":"wp","href":"https:\/\/api.w.org\/{rel}","templated":true}]}}