{"id":118,"date":"2014-09-01T12:00:01","date_gmt":"2014-09-01T09:00:01","guid":{"rendered":"http:\/\/80.69.171.23\/poro\/?page_id=118"},"modified":"2019-04-10T16:17:45","modified_gmt":"2019-04-10T13:17:45","slug":"ovatko-porot-vaarallisia","status":"publish","type":"page","link":"https:\/\/paliskunnat.fi\/poro\/poro\/usein-kysyttya\/ovatko-porot-vaarallisia\/","title":{"rendered":"Ovatko porot vaarallisia?"},"content":{"rendered":"<h2>Ovatko porot vaarallisia?<\/h2>\n<p>Poro v\u00e4ist\u00e4\u00e4 luontaisesti ihmist\u00e4. Syksyisin tokka on kuitenkin syyt\u00e4 kiert\u00e4\u00e4 kauempaa.<\/p>\n<p><a href=\"https:\/\/paliskunnat.fi\/poro\/wp-content\/uploads\/2014\/09\/Sattasniemi_Nili_pieni.jpg\" rel=\"lightbox[118]\"><img loading=\"lazy\" decoding=\"async\" class=\"alignnone wp-image-2224\" src=\"https:\/\/paliskunnat.fi\/poro\/wp-content\/uploads\/2014\/09\/Sattasniemi_Nili_pieni.jpg\" alt=\"Hirvas syksyll\u00e4 erotuksessa. Kuva: Hanna Mikkola\" width=\"460\" height=\"307\" srcset=\"https:\/\/paliskunnat.fi\/poro\/wp-content\/uploads\/2014\/09\/Sattasniemi_Nili_pieni.jpg 800w, https:\/\/paliskunnat.fi\/poro\/wp-content\/uploads\/2014\/09\/Sattasniemi_Nili_pieni-300x200.jpg 300w\" sizes=\"auto, (max-width: 460px) 100vw, 460px\" \/><\/a><\/p>\n<p>Rykim\u00e4 eli porojen kiima-aika ajoittuu alkusyksyyn.\u00a0Rykim\u00e4 alkaa syyskuun loppupuolella ja sit\u00e4 kest\u00e4\u00e4 loka-marraskuulle saakka. Rykim\u00e4aikana hirvaat eli urosporot piiritt\u00e4v\u00e4t vaatimia eli naarasporoja, suvunjatko mieless\u00e4\u00e4n. Hirvaat ovat mustasukkaisia vaatimistaan ja puolustavat niit\u00e4 aggressiivisesti toisia hirvaita vastaan. Sarvien kalistelu on paitsi oman aseman vahvistamista ja puolustamista my\u00f6s biologinen ase vaadinten hormonitoiminnan otolliseen virittelyyn. Suurimmat, vahvimmat ja energisimmin voimiensa tunnossa pullistelevat uroot viev\u00e4t t\u00e4ss\u00e4 n\u00e4ytelm\u00e4ss\u00e4 parhaan potin ja saavat geenins\u00e4 laajimpaan jakeluun.<\/p>\n<p>Porot v\u00e4ist\u00e4v\u00e4t yleens\u00e4 ihmist\u00e4. Rykim\u00e4aikaan on silti syyt\u00e4 pysy\u00e4 poissa hirvaiden tielt\u00e4 ja erityisesti hirvaan ja naarasporojen v\u00e4list\u00e4. Poroja havaitessa on viisainta kiert\u00e4\u00e4 ne rauhallisesti mahdollisimman kaukaa. Porojen yll\u00e4tt\u00e4misen voi v\u00e4ltt\u00e4\u00e4 taputtamalla k\u00e4si\u00e4\u00e4n ja pit\u00e4m\u00e4ll\u00e4 muuten \u00e4\u00e4nt\u00e4. N\u00e4in my\u00f6s porot huomaavat ajoissa v\u00e4ist\u00e4\u00e4 kulkijaa.<\/p>\n<p>Poroja kohti k\u00e4veleminen on syysaikaan ehdottomasti syyt\u00e4 unohtaa. Hirvas voi ahdisteltuna kokea ihmisen uhkaavan asemaansa ja tulla p\u00e4\u00e4lle. Valokuvaaminen ja muu porojen syksyinen ihastelu kannattaa siis hoitaa turvallisen et\u00e4isyyden p\u00e4\u00e4st\u00e4.<\/p>\n<p>Mik\u00e4li joutuu hirvaan hy\u00f6kk\u00e4yksen kohteeksi, kannattaa ottaa jalat alle ja poistua mahdollisimman nopeasti paikalta. Jos t\u00e4m\u00e4 ei onnistu, voi suojaa hakea puista tai muista suojaavista maanmuodoista tai rakenteista. Hy\u00f6kk\u00e4ilev\u00e4st\u00e4 hirvaasta kannattaa ilmoittaa paliskunnalle tai Paliskuntain yhdistykseen, jotta tilanteeseen voidaan tarpeen mukaan puuttua.<\/p>\n<p>Pohjoisen luonnossa voi liikkua rykim\u00e4aikaan huoletta, luonnonlait ja el\u00e4inten k\u00e4ytt\u00e4ytymisen huomioiden.<\/p>\n<p>&nbsp;<\/p>\n<p><!--more--><\/p>\n<h2>Hirvas otetaan kiinni suopungilla<\/h2>\n<p>Hirvas otetaan <a href=\"https:\/\/youtu.be\/fBDifQY_Dk8\" class=\"external external_icon\" rel=\"nofollow\">kiinni suopungilla<\/a> Syv\u00e4j\u00e4rvell\u00e4 2013.<\/p>\n","protected":false},"excerpt":{"rendered":"<p>Ovatko porot vaarallisia? Poro v\u00e4ist\u00e4\u00e4 luontaisesti ihmist\u00e4. Syksyisin tokka on kuitenkin syyt\u00e4 kiert\u00e4\u00e4 kauempaa. Rykim\u00e4 eli porojen kiima-aika ajoittuu alkusyksyyn.\u00a0Rykim\u00e4 alkaa syyskuun loppupuolella ja sit\u00e4 kest\u00e4\u00e4 loka-marraskuulle saakka. Rykim\u00e4aikana hirvaat eli urosporot piiritt\u00e4v\u00e4t vaatimia eli naarasporoja, suvunjatko mieless\u00e4\u00e4n. Hirvaat ovat mustasukkaisia vaatimistaan ja puolustavat niit\u00e4 aggressiivisesti toisia hirvaita vastaan. Sarvien kalistelu on paitsi oman aseman [&hellip;]<\/p>\n","protected":false},"author":1,"featured_media":0,"parent":108,"menu_order":2,"comment_status":"open","ping_status":"closed","template":"","meta":{"footnotes":""},"class_list":["post-118","page","type-page","status-publish","hentry"],"yoast_head":"<!-- This site is optimized with the Yoast SEO plugin v27.2 - https:\/\/yoast.com\/product\/yoast-seo-wordpress\/ -->\n<title>Ovatko porot vaarallisia? - Poro ja poronhoito<\/title>\n<meta name=\"robots\" content=\"index, follow, max-snippet:-1, max-image-preview:large, max-video-preview:-1\" \/>\n<link rel=\"canonical\" href=\"https:\/\/paliskunnat.fi\/poro\/poro\/usein-kysyttya\/ovatko-porot-vaarallisia\/\" \/>\n<meta property=\"og:locale\" content=\"fi_FI\" \/>\n<meta property=\"og:type\" content=\"article\" \/>\n<meta property=\"og:title\" content=\"Ovatko porot vaarallisia? - Poro ja poronhoito\" \/>\n<meta property=\"og:description\" content=\"Ovatko porot vaarallisia? Poro v\u00e4ist\u00e4\u00e4 luontaisesti ihmist\u00e4. Syksyisin tokka on kuitenkin syyt\u00e4 kiert\u00e4\u00e4 kauempaa. Rykim\u00e4 eli porojen kiima-aika ajoittuu alkusyksyyn.\u00a0Rykim\u00e4 alkaa syyskuun loppupuolella ja sit\u00e4 kest\u00e4\u00e4 loka-marraskuulle saakka. Rykim\u00e4aikana hirvaat eli urosporot piiritt\u00e4v\u00e4t vaatimia eli naarasporoja, suvunjatko mieless\u00e4\u00e4n. Hirvaat ovat mustasukkaisia vaatimistaan ja puolustavat niit\u00e4 aggressiivisesti toisia hirvaita vastaan. Sarvien kalistelu on paitsi oman aseman [&hellip;]\" \/>\n<meta property=\"og:url\" content=\"https:\/\/paliskunnat.fi\/poro\/poro\/usein-kysyttya\/ovatko-porot-vaarallisia\/\" \/>\n<meta property=\"og:site_name\" content=\"Poro ja poronhoito\" \/>\n<meta property=\"article:modified_time\" content=\"2019-04-10T13:17:45+00:00\" \/>\n<meta property=\"og:image\" content=\"https:\/\/paliskunnat.fi\/poro\/wp-content\/uploads\/2014\/09\/Sattasniemi_Nili_pieni.jpg\" \/>\n<meta name=\"twitter:card\" content=\"summary_large_image\" \/>\n<meta name=\"twitter:label1\" content=\"Arvioitu lukuaika\" \/>\n\t<meta name=\"twitter:data1\" content=\"1 minuutti\" \/>\n<script type=\"application\/ld+json\" class=\"yoast-schema-graph\">{\"@context\":\"https:\/\/schema.org\",\"@graph\":[{\"@type\":\"WebPage\",\"@id\":\"https:\/\/paliskunnat.fi\/poro\/poro\/usein-kysyttya\/ovatko-porot-vaarallisia\/\",\"url\":\"https:\/\/paliskunnat.fi\/poro\/poro\/usein-kysyttya\/ovatko-porot-vaarallisia\/\",\"name\":\"Ovatko porot vaarallisia? - Poro ja poronhoito\",\"isPartOf\":{\"@id\":\"https:\/\/paliskunnat.fi\/poro\/#website\"},\"primaryImageOfPage\":{\"@id\":\"https:\/\/paliskunnat.fi\/poro\/poro\/usein-kysyttya\/ovatko-porot-vaarallisia\/#primaryimage\"},\"image\":{\"@id\":\"https:\/\/paliskunnat.fi\/poro\/poro\/usein-kysyttya\/ovatko-porot-vaarallisia\/#primaryimage\"},\"thumbnailUrl\":\"https:\/\/paliskunnat.fi\/poro\/wp-content\/uploads\/2014\/09\/Sattasniemi_Nili_pieni.jpg\",\"datePublished\":\"2014-09-01T09:00:01+00:00\",\"dateModified\":\"2019-04-10T13:17:45+00:00\",\"breadcrumb\":{\"@id\":\"https:\/\/paliskunnat.fi\/poro\/poro\/usein-kysyttya\/ovatko-porot-vaarallisia\/#breadcrumb\"},\"inLanguage\":\"fi\",\"potentialAction\":[{\"@type\":\"ReadAction\",\"target\":[\"https:\/\/paliskunnat.fi\/poro\/poro\/usein-kysyttya\/ovatko-porot-vaarallisia\/\"]}]},{\"@type\":\"ImageObject\",\"inLanguage\":\"fi\",\"@id\":\"https:\/\/paliskunnat.fi\/poro\/poro\/usein-kysyttya\/ovatko-porot-vaarallisia\/#primaryimage\",\"url\":\"https:\/\/paliskunnat.fi\/poro\/wp-content\/uploads\/2014\/09\/Sattasniemi_Nili_pieni.jpg\",\"contentUrl\":\"https:\/\/paliskunnat.fi\/poro\/wp-content\/uploads\/2014\/09\/Sattasniemi_Nili_pieni.jpg\",\"width\":800,\"height\":534},{\"@type\":\"BreadcrumbList\",\"@id\":\"https:\/\/paliskunnat.fi\/poro\/poro\/usein-kysyttya\/ovatko-porot-vaarallisia\/#breadcrumb\",\"itemListElement\":[{\"@type\":\"ListItem\",\"position\":1,\"name\":\"Home\",\"item\":\"https:\/\/paliskunnat.fi\/poro\/\"},{\"@type\":\"ListItem\",\"position\":2,\"name\":\"Poro\",\"item\":\"https:\/\/paliskunnat.fi\/poro\/poro\/\"},{\"@type\":\"ListItem\",\"position\":3,\"name\":\"Usein kysytty\u00e4\",\"item\":\"https:\/\/paliskunnat.fi\/poro\/poro\/usein-kysyttya\/\"},{\"@type\":\"ListItem\",\"position\":4,\"name\":\"Ovatko porot vaarallisia?\"}]},{\"@type\":\"WebSite\",\"@id\":\"https:\/\/paliskunnat.fi\/poro\/#website\",\"url\":\"https:\/\/paliskunnat.fi\/poro\/\",\"name\":\"Poro ja poronhoito\",\"description\":\"Poro ja poronhoito Suomessa\",\"potentialAction\":[{\"@type\":\"SearchAction\",\"target\":{\"@type\":\"EntryPoint\",\"urlTemplate\":\"https:\/\/paliskunnat.fi\/poro\/?s={search_term_string}\"},\"query-input\":{\"@type\":\"PropertyValueSpecification\",\"valueRequired\":true,\"valueName\":\"search_term_string\"}}],\"inLanguage\":\"fi\"}]}<\/script>\n<!-- \/ Yoast SEO plugin. -->","yoast_head_json":{"title":"Ovatko porot vaarallisia? - Poro ja poronhoito","robots":{"index":"index","follow":"follow","max-snippet":"max-snippet:-1","max-image-preview":"max-image-preview:large","max-video-preview":"max-video-preview:-1"},"canonical":"https:\/\/paliskunnat.fi\/poro\/poro\/usein-kysyttya\/ovatko-porot-vaarallisia\/","og_locale":"fi_FI","og_type":"article","og_title":"Ovatko porot vaarallisia? - Poro ja poronhoito","og_description":"Ovatko porot vaarallisia? Poro v\u00e4ist\u00e4\u00e4 luontaisesti ihmist\u00e4. Syksyisin tokka on kuitenkin syyt\u00e4 kiert\u00e4\u00e4 kauempaa. Rykim\u00e4 eli porojen kiima-aika ajoittuu alkusyksyyn.\u00a0Rykim\u00e4 alkaa syyskuun loppupuolella ja sit\u00e4 kest\u00e4\u00e4 loka-marraskuulle saakka. Rykim\u00e4aikana hirvaat eli urosporot piiritt\u00e4v\u00e4t vaatimia eli naarasporoja, suvunjatko mieless\u00e4\u00e4n. Hirvaat ovat mustasukkaisia vaatimistaan ja puolustavat niit\u00e4 aggressiivisesti toisia hirvaita vastaan. Sarvien kalistelu on paitsi oman aseman [&hellip;]","og_url":"https:\/\/paliskunnat.fi\/poro\/poro\/usein-kysyttya\/ovatko-porot-vaarallisia\/","og_site_name":"Poro ja poronhoito","article_modified_time":"2019-04-10T13:17:45+00:00","og_image":[{"url":"https:\/\/paliskunnat.fi\/poro\/wp-content\/uploads\/2014\/09\/Sattasniemi_Nili_pieni.jpg","type":"","width":"","height":""}],"twitter_card":"summary_large_image","twitter_misc":{"Arvioitu lukuaika":"1 minuutti"},"schema":{"@context":"https:\/\/schema.org","@graph":[{"@type":"WebPage","@id":"https:\/\/paliskunnat.fi\/poro\/poro\/usein-kysyttya\/ovatko-porot-vaarallisia\/","url":"https:\/\/paliskunnat.fi\/poro\/poro\/usein-kysyttya\/ovatko-porot-vaarallisia\/","name":"Ovatko porot vaarallisia? - Poro ja poronhoito","isPartOf":{"@id":"https:\/\/paliskunnat.fi\/poro\/#website"},"primaryImageOfPage":{"@id":"https:\/\/paliskunnat.fi\/poro\/poro\/usein-kysyttya\/ovatko-porot-vaarallisia\/#primaryimage"},"image":{"@id":"https:\/\/paliskunnat.fi\/poro\/poro\/usein-kysyttya\/ovatko-porot-vaarallisia\/#primaryimage"},"thumbnailUrl":"https:\/\/paliskunnat.fi\/poro\/wp-content\/uploads\/2014\/09\/Sattasniemi_Nili_pieni.jpg","datePublished":"2014-09-01T09:00:01+00:00","dateModified":"2019-04-10T13:17:45+00:00","breadcrumb":{"@id":"https:\/\/paliskunnat.fi\/poro\/poro\/usein-kysyttya\/ovatko-porot-vaarallisia\/#breadcrumb"},"inLanguage":"fi","potentialAction":[{"@type":"ReadAction","target":["https:\/\/paliskunnat.fi\/poro\/poro\/usein-kysyttya\/ovatko-porot-vaarallisia\/"]}]},{"@type":"ImageObject","inLanguage":"fi","@id":"https:\/\/paliskunnat.fi\/poro\/poro\/usein-kysyttya\/ovatko-porot-vaarallisia\/#primaryimage","url":"https:\/\/paliskunnat.fi\/poro\/wp-content\/uploads\/2014\/09\/Sattasniemi_Nili_pieni.jpg","contentUrl":"https:\/\/paliskunnat.fi\/poro\/wp-content\/uploads\/2014\/09\/Sattasniemi_Nili_pieni.jpg","width":800,"height":534},{"@type":"BreadcrumbList","@id":"https:\/\/paliskunnat.fi\/poro\/poro\/usein-kysyttya\/ovatko-porot-vaarallisia\/#breadcrumb","itemListElement":[{"@type":"ListItem","position":1,"name":"Home","item":"https:\/\/paliskunnat.fi\/poro\/"},{"@type":"ListItem","position":2,"name":"Poro","item":"https:\/\/paliskunnat.fi\/poro\/poro\/"},{"@type":"ListItem","position":3,"name":"Usein kysytty\u00e4","item":"https:\/\/paliskunnat.fi\/poro\/poro\/usein-kysyttya\/"},{"@type":"ListItem","position":4,"name":"Ovatko porot vaarallisia?"}]},{"@type":"WebSite","@id":"https:\/\/paliskunnat.fi\/poro\/#website","url":"https:\/\/paliskunnat.fi\/poro\/","name":"Poro ja poronhoito","description":"Poro ja poronhoito Suomessa","potentialAction":[{"@type":"SearchAction","target":{"@type":"EntryPoint","urlTemplate":"https:\/\/paliskunnat.fi\/poro\/?s={search_term_string}"},"query-input":{"@type":"PropertyValueSpecification","valueRequired":true,"valueName":"search_term_string"}}],"inLanguage":"fi"}]}},"_links":{"self":[{"href":"https:\/\/paliskunnat.fi\/poro\/wp-json\/wp\/v2\/pages\/118","targetHints":{"allow":["GET"]}}],"collection":[{"href":"https:\/\/paliskunnat.fi\/poro\/wp-json\/wp\/v2\/pages"}],"about":[{"href":"https:\/\/paliskunnat.fi\/poro\/wp-json\/wp\/v2\/types\/page"}],"author":[{"embeddable":true,"href":"https:\/\/paliskunnat.fi\/poro\/wp-json\/wp\/v2\/users\/1"}],"replies":[{"embeddable":true,"href":"https:\/\/paliskunnat.fi\/poro\/wp-json\/wp\/v2\/comments?post=118"}],"version-history":[{"count":50,"href":"https:\/\/paliskunnat.fi\/poro\/wp-json\/wp\/v2\/pages\/118\/revisions"}],"predecessor-version":[{"id":4097,"href":"https:\/\/paliskunnat.fi\/poro\/wp-json\/wp\/v2\/pages\/118\/revisions\/4097"}],"up":[{"embeddable":true,"href":"https:\/\/paliskunnat.fi\/poro\/wp-json\/wp\/v2\/pages\/108"}],"wp:attachment":[{"href":"https:\/\/paliskunnat.fi\/poro\/wp-json\/wp\/v2\/media?parent=118"}],"curies":[{"name":"wp","href":"https:\/\/api.w.org\/{rel}","templated":true}]}}