{"id":147,"date":"2014-09-01T13:23:09","date_gmt":"2014-09-01T10:23:09","guid":{"rendered":"http:\/\/80.69.171.23\/poro\/?page_id=147"},"modified":"2017-03-25T23:02:58","modified_gmt":"2017-03-25T21:02:58","slug":"porot-tulevat-maantielle","status":"publish","type":"page","link":"https:\/\/paliskunnat.fi\/poro\/poro\/usein-kysyttya\/porot-tulevat-maantielle\/","title":{"rendered":"Porot teill\u00e4"},"content":{"rendered":"<h2>Miksi porot tulevat maantielle?<\/h2>\n<p>Kev\u00e4\u00e4ll\u00e4 lumien sulaessa tienpientareilta porot tulevat sy\u00f6m\u00e4\u00e4n teiden reunoilta nousevaa vihantaa ruohoa.\u00a0Suurempina tokkina porot siirtyv\u00e4t maanteille r\u00e4k\u00e4n voimistuessa kes\u00e4-hein\u00e4kuussa. Avoimen tien p\u00e4\u00e4ll\u00e4 tuuli v\u00e4hent\u00e4\u00e4 poroja kiusaavien paarmojen, s\u00e4\u00e4skien ja m\u00e4k\u00e4rien lukum\u00e4\u00e4r\u00e4\u00e4. Lis\u00e4ksi tiest\u00e4 yl\u00f6sp\u00e4in kohoava l\u00e4mp\u00f6s\u00e4teily nostaa poroista erittyv\u00e4n hiilidioksidin ja l\u00e4mm\u00f6n yl\u00f6sp\u00e4in. T\u00e4ll\u00f6in r\u00e4kk\u00e4hy\u00f6nteiset eiv\u00e4t l\u00f6yd\u00e4 kohdettaan ja r\u00e4k\u00e4n poroille aiheuttama riesa pienenee.<\/p>\n<p><a href=\"https:\/\/paliskunnat.fi\/poro\/wp-content\/uploads\/2014\/09\/porot_tiella.jpg\" rel=\"lightbox[147]\"><img loading=\"lazy\" decoding=\"async\" class=\"alignnone wp-image-240\" src=\"https:\/\/paliskunnat.fi\/poro\/wp-content\/uploads\/2014\/09\/porot_tiella-500x300.jpg\" alt=\"Poroja tiell\u00e4 (kuva: Mika Kavakka)\" width=\"460\" height=\"309\" srcset=\"https:\/\/paliskunnat.fi\/poro\/wp-content\/uploads\/2014\/09\/porot_tiella-300x201.jpg 300w, https:\/\/paliskunnat.fi\/poro\/wp-content\/uploads\/2014\/09\/porot_tiella.jpg 1000w\" sizes=\"auto, (max-width: 460px) 100vw, 460px\" \/><\/a><\/p>\n<p>R\u00e4kk\u00e4aikana porot saattavat tehd\u00e4 nopean juoksupyr\u00e4hdyksen p\u00e4\u00e4st\u00e4kseen kiusaavista hy\u00f6nteisist\u00e4 eroon. Tien poikki suuntautuva pakojuoksu yll\u00e4tt\u00e4\u00e4 usein autoilijan t\u00e4ysin, koska se poikkeaa poron tavanomaisesta rauhallisesta liikehdinn\u00e4st\u00e4.<\/p>\n<p>Monien muiden el\u00e4inten tapaan poro ei osaa luontaisesti pel\u00e4t\u00e4 moottoriajoneuvoja. Autoilijan kannattaa Pohjois-Suomen teill\u00e4 ajaessaan ottaa porovaara aina huomioon.<\/p>\n<p>Talvikaudella teiden suolaaminen houkuttelee poroja tielle. Erityisen mielell\u00e4\u00e4n porot tulevat juomaan suolaista vett\u00e4 tienreunan t\u00e4ristysurista tai kuopista.<\/p>\n<p>&nbsp;<\/p>\n<p>&nbsp;<\/p>\n<p><!--more--><\/p>\n<h2>Porokolarin sattuessa<\/h2>\n<p>Miten\u00a0<a href=\"http:\/\/paliskunnat.fi\/py\/porovahingot\/liikennevahingot\/porokolarin-sattuessa\/\">toimin<\/a> porokolarin sattuessa?<\/p>\n<p>&nbsp;<\/p>\n<p>&nbsp;<\/p>\n","protected":false},"excerpt":{"rendered":"<p>Miksi porot tulevat maantielle? Kev\u00e4\u00e4ll\u00e4 lumien sulaessa tienpientareilta porot tulevat sy\u00f6m\u00e4\u00e4n teiden reunoilta nousevaa vihantaa ruohoa.\u00a0Suurempina tokkina porot siirtyv\u00e4t maanteille r\u00e4k\u00e4n voimistuessa kes\u00e4-hein\u00e4kuussa. Avoimen tien p\u00e4\u00e4ll\u00e4 tuuli v\u00e4hent\u00e4\u00e4 poroja kiusaavien paarmojen, s\u00e4\u00e4skien ja m\u00e4k\u00e4rien lukum\u00e4\u00e4r\u00e4\u00e4. Lis\u00e4ksi tiest\u00e4 yl\u00f6sp\u00e4in kohoava l\u00e4mp\u00f6s\u00e4teily nostaa poroista erittyv\u00e4n hiilidioksidin ja l\u00e4mm\u00f6n yl\u00f6sp\u00e4in. T\u00e4ll\u00f6in r\u00e4kk\u00e4hy\u00f6nteiset eiv\u00e4t l\u00f6yd\u00e4 kohdettaan ja r\u00e4k\u00e4n poroille [&hellip;]<\/p>\n","protected":false},"author":1,"featured_media":0,"parent":108,"menu_order":6,"comment_status":"open","ping_status":"closed","template":"","meta":{"footnotes":""},"class_list":["post-147","page","type-page","status-publish","hentry"],"yoast_head":"<!-- This site is optimized with the Yoast SEO plugin v27.2 - https:\/\/yoast.com\/product\/yoast-seo-wordpress\/ -->\n<title>Porot teill\u00e4 - Poro ja poronhoito<\/title>\n<meta name=\"robots\" content=\"index, follow, max-snippet:-1, max-image-preview:large, max-video-preview:-1\" \/>\n<link rel=\"canonical\" href=\"https:\/\/paliskunnat.fi\/poro\/poro\/usein-kysyttya\/porot-tulevat-maantielle\/\" \/>\n<meta property=\"og:locale\" content=\"fi_FI\" \/>\n<meta property=\"og:type\" content=\"article\" \/>\n<meta property=\"og:title\" content=\"Porot teill\u00e4 - Poro ja poronhoito\" \/>\n<meta property=\"og:description\" content=\"Miksi porot tulevat maantielle? Kev\u00e4\u00e4ll\u00e4 lumien sulaessa tienpientareilta porot tulevat sy\u00f6m\u00e4\u00e4n teiden reunoilta nousevaa vihantaa ruohoa.\u00a0Suurempina tokkina porot siirtyv\u00e4t maanteille r\u00e4k\u00e4n voimistuessa kes\u00e4-hein\u00e4kuussa. Avoimen tien p\u00e4\u00e4ll\u00e4 tuuli v\u00e4hent\u00e4\u00e4 poroja kiusaavien paarmojen, s\u00e4\u00e4skien ja m\u00e4k\u00e4rien lukum\u00e4\u00e4r\u00e4\u00e4. Lis\u00e4ksi tiest\u00e4 yl\u00f6sp\u00e4in kohoava l\u00e4mp\u00f6s\u00e4teily nostaa poroista erittyv\u00e4n hiilidioksidin ja l\u00e4mm\u00f6n yl\u00f6sp\u00e4in. T\u00e4ll\u00f6in r\u00e4kk\u00e4hy\u00f6nteiset eiv\u00e4t l\u00f6yd\u00e4 kohdettaan ja r\u00e4k\u00e4n poroille [&hellip;]\" \/>\n<meta property=\"og:url\" content=\"https:\/\/paliskunnat.fi\/poro\/poro\/usein-kysyttya\/porot-tulevat-maantielle\/\" \/>\n<meta property=\"og:site_name\" content=\"Poro ja poronhoito\" \/>\n<meta property=\"article:modified_time\" content=\"2017-03-25T21:02:58+00:00\" \/>\n<meta property=\"og:image\" content=\"https:\/\/paliskunnat.fi\/poro\/wp-content\/uploads\/2014\/09\/porot_tiella-500x300.jpg\" \/>\n<meta name=\"twitter:card\" content=\"summary_large_image\" \/>\n<meta name=\"twitter:label1\" content=\"Arvioitu lukuaika\" \/>\n\t<meta name=\"twitter:data1\" content=\"1 minuutti\" \/>\n<script type=\"application\/ld+json\" class=\"yoast-schema-graph\">{\"@context\":\"https:\/\/schema.org\",\"@graph\":[{\"@type\":\"WebPage\",\"@id\":\"https:\/\/paliskunnat.fi\/poro\/poro\/usein-kysyttya\/porot-tulevat-maantielle\/\",\"url\":\"https:\/\/paliskunnat.fi\/poro\/poro\/usein-kysyttya\/porot-tulevat-maantielle\/\",\"name\":\"Porot teill\u00e4 - Poro ja poronhoito\",\"isPartOf\":{\"@id\":\"https:\/\/paliskunnat.fi\/poro\/#website\"},\"primaryImageOfPage\":{\"@id\":\"https:\/\/paliskunnat.fi\/poro\/poro\/usein-kysyttya\/porot-tulevat-maantielle\/#primaryimage\"},\"image\":{\"@id\":\"https:\/\/paliskunnat.fi\/poro\/poro\/usein-kysyttya\/porot-tulevat-maantielle\/#primaryimage\"},\"thumbnailUrl\":\"https:\/\/paliskunnat.fi\/poro\/wp-content\/uploads\/2014\/09\/porot_tiella-500x300.jpg\",\"datePublished\":\"2014-09-01T10:23:09+00:00\",\"dateModified\":\"2017-03-25T21:02:58+00:00\",\"breadcrumb\":{\"@id\":\"https:\/\/paliskunnat.fi\/poro\/poro\/usein-kysyttya\/porot-tulevat-maantielle\/#breadcrumb\"},\"inLanguage\":\"fi\",\"potentialAction\":[{\"@type\":\"ReadAction\",\"target\":[\"https:\/\/paliskunnat.fi\/poro\/poro\/usein-kysyttya\/porot-tulevat-maantielle\/\"]}]},{\"@type\":\"ImageObject\",\"inLanguage\":\"fi\",\"@id\":\"https:\/\/paliskunnat.fi\/poro\/poro\/usein-kysyttya\/porot-tulevat-maantielle\/#primaryimage\",\"url\":\"https:\/\/paliskunnat.fi\/poro\/wp-content\/uploads\/2014\/09\/porot_tiella.jpg\",\"contentUrl\":\"https:\/\/paliskunnat.fi\/poro\/wp-content\/uploads\/2014\/09\/porot_tiella.jpg\",\"width\":1000,\"height\":671},{\"@type\":\"BreadcrumbList\",\"@id\":\"https:\/\/paliskunnat.fi\/poro\/poro\/usein-kysyttya\/porot-tulevat-maantielle\/#breadcrumb\",\"itemListElement\":[{\"@type\":\"ListItem\",\"position\":1,\"name\":\"Home\",\"item\":\"https:\/\/paliskunnat.fi\/poro\/\"},{\"@type\":\"ListItem\",\"position\":2,\"name\":\"Poro\",\"item\":\"https:\/\/paliskunnat.fi\/poro\/poro\/\"},{\"@type\":\"ListItem\",\"position\":3,\"name\":\"Usein kysytty\u00e4\",\"item\":\"https:\/\/paliskunnat.fi\/poro\/poro\/usein-kysyttya\/\"},{\"@type\":\"ListItem\",\"position\":4,\"name\":\"Porot teill\u00e4\"}]},{\"@type\":\"WebSite\",\"@id\":\"https:\/\/paliskunnat.fi\/poro\/#website\",\"url\":\"https:\/\/paliskunnat.fi\/poro\/\",\"name\":\"Poro ja poronhoito\",\"description\":\"Poro ja poronhoito Suomessa\",\"potentialAction\":[{\"@type\":\"SearchAction\",\"target\":{\"@type\":\"EntryPoint\",\"urlTemplate\":\"https:\/\/paliskunnat.fi\/poro\/?s={search_term_string}\"},\"query-input\":{\"@type\":\"PropertyValueSpecification\",\"valueRequired\":true,\"valueName\":\"search_term_string\"}}],\"inLanguage\":\"fi\"}]}<\/script>\n<!-- \/ Yoast SEO plugin. -->","yoast_head_json":{"title":"Porot teill\u00e4 - Poro ja poronhoito","robots":{"index":"index","follow":"follow","max-snippet":"max-snippet:-1","max-image-preview":"max-image-preview:large","max-video-preview":"max-video-preview:-1"},"canonical":"https:\/\/paliskunnat.fi\/poro\/poro\/usein-kysyttya\/porot-tulevat-maantielle\/","og_locale":"fi_FI","og_type":"article","og_title":"Porot teill\u00e4 - Poro ja poronhoito","og_description":"Miksi porot tulevat maantielle? Kev\u00e4\u00e4ll\u00e4 lumien sulaessa tienpientareilta porot tulevat sy\u00f6m\u00e4\u00e4n teiden reunoilta nousevaa vihantaa ruohoa.\u00a0Suurempina tokkina porot siirtyv\u00e4t maanteille r\u00e4k\u00e4n voimistuessa kes\u00e4-hein\u00e4kuussa. Avoimen tien p\u00e4\u00e4ll\u00e4 tuuli v\u00e4hent\u00e4\u00e4 poroja kiusaavien paarmojen, s\u00e4\u00e4skien ja m\u00e4k\u00e4rien lukum\u00e4\u00e4r\u00e4\u00e4. Lis\u00e4ksi tiest\u00e4 yl\u00f6sp\u00e4in kohoava l\u00e4mp\u00f6s\u00e4teily nostaa poroista erittyv\u00e4n hiilidioksidin ja l\u00e4mm\u00f6n yl\u00f6sp\u00e4in. T\u00e4ll\u00f6in r\u00e4kk\u00e4hy\u00f6nteiset eiv\u00e4t l\u00f6yd\u00e4 kohdettaan ja r\u00e4k\u00e4n poroille [&hellip;]","og_url":"https:\/\/paliskunnat.fi\/poro\/poro\/usein-kysyttya\/porot-tulevat-maantielle\/","og_site_name":"Poro ja poronhoito","article_modified_time":"2017-03-25T21:02:58+00:00","og_image":[{"url":"https:\/\/paliskunnat.fi\/poro\/wp-content\/uploads\/2014\/09\/porot_tiella-500x300.jpg","type":"","width":"","height":""}],"twitter_card":"summary_large_image","twitter_misc":{"Arvioitu lukuaika":"1 minuutti"},"schema":{"@context":"https:\/\/schema.org","@graph":[{"@type":"WebPage","@id":"https:\/\/paliskunnat.fi\/poro\/poro\/usein-kysyttya\/porot-tulevat-maantielle\/","url":"https:\/\/paliskunnat.fi\/poro\/poro\/usein-kysyttya\/porot-tulevat-maantielle\/","name":"Porot teill\u00e4 - Poro ja poronhoito","isPartOf":{"@id":"https:\/\/paliskunnat.fi\/poro\/#website"},"primaryImageOfPage":{"@id":"https:\/\/paliskunnat.fi\/poro\/poro\/usein-kysyttya\/porot-tulevat-maantielle\/#primaryimage"},"image":{"@id":"https:\/\/paliskunnat.fi\/poro\/poro\/usein-kysyttya\/porot-tulevat-maantielle\/#primaryimage"},"thumbnailUrl":"https:\/\/paliskunnat.fi\/poro\/wp-content\/uploads\/2014\/09\/porot_tiella-500x300.jpg","datePublished":"2014-09-01T10:23:09+00:00","dateModified":"2017-03-25T21:02:58+00:00","breadcrumb":{"@id":"https:\/\/paliskunnat.fi\/poro\/poro\/usein-kysyttya\/porot-tulevat-maantielle\/#breadcrumb"},"inLanguage":"fi","potentialAction":[{"@type":"ReadAction","target":["https:\/\/paliskunnat.fi\/poro\/poro\/usein-kysyttya\/porot-tulevat-maantielle\/"]}]},{"@type":"ImageObject","inLanguage":"fi","@id":"https:\/\/paliskunnat.fi\/poro\/poro\/usein-kysyttya\/porot-tulevat-maantielle\/#primaryimage","url":"https:\/\/paliskunnat.fi\/poro\/wp-content\/uploads\/2014\/09\/porot_tiella.jpg","contentUrl":"https:\/\/paliskunnat.fi\/poro\/wp-content\/uploads\/2014\/09\/porot_tiella.jpg","width":1000,"height":671},{"@type":"BreadcrumbList","@id":"https:\/\/paliskunnat.fi\/poro\/poro\/usein-kysyttya\/porot-tulevat-maantielle\/#breadcrumb","itemListElement":[{"@type":"ListItem","position":1,"name":"Home","item":"https:\/\/paliskunnat.fi\/poro\/"},{"@type":"ListItem","position":2,"name":"Poro","item":"https:\/\/paliskunnat.fi\/poro\/poro\/"},{"@type":"ListItem","position":3,"name":"Usein kysytty\u00e4","item":"https:\/\/paliskunnat.fi\/poro\/poro\/usein-kysyttya\/"},{"@type":"ListItem","position":4,"name":"Porot teill\u00e4"}]},{"@type":"WebSite","@id":"https:\/\/paliskunnat.fi\/poro\/#website","url":"https:\/\/paliskunnat.fi\/poro\/","name":"Poro ja poronhoito","description":"Poro ja poronhoito Suomessa","potentialAction":[{"@type":"SearchAction","target":{"@type":"EntryPoint","urlTemplate":"https:\/\/paliskunnat.fi\/poro\/?s={search_term_string}"},"query-input":{"@type":"PropertyValueSpecification","valueRequired":true,"valueName":"search_term_string"}}],"inLanguage":"fi"}]}},"_links":{"self":[{"href":"https:\/\/paliskunnat.fi\/poro\/wp-json\/wp\/v2\/pages\/147","targetHints":{"allow":["GET"]}}],"collection":[{"href":"https:\/\/paliskunnat.fi\/poro\/wp-json\/wp\/v2\/pages"}],"about":[{"href":"https:\/\/paliskunnat.fi\/poro\/wp-json\/wp\/v2\/types\/page"}],"author":[{"embeddable":true,"href":"https:\/\/paliskunnat.fi\/poro\/wp-json\/wp\/v2\/users\/1"}],"replies":[{"embeddable":true,"href":"https:\/\/paliskunnat.fi\/poro\/wp-json\/wp\/v2\/comments?post=147"}],"version-history":[{"count":53,"href":"https:\/\/paliskunnat.fi\/poro\/wp-json\/wp\/v2\/pages\/147\/revisions"}],"predecessor-version":[{"id":3743,"href":"https:\/\/paliskunnat.fi\/poro\/wp-json\/wp\/v2\/pages\/147\/revisions\/3743"}],"up":[{"embeddable":true,"href":"https:\/\/paliskunnat.fi\/poro\/wp-json\/wp\/v2\/pages\/108"}],"wp:attachment":[{"href":"https:\/\/paliskunnat.fi\/poro\/wp-json\/wp\/v2\/media?parent=147"}],"curies":[{"name":"wp","href":"https:\/\/api.w.org\/{rel}","templated":true}]}}