{"id":47,"date":"2014-08-31T22:17:30","date_gmt":"2014-08-31T19:17:30","guid":{"rendered":"http:\/\/80.69.171.23\/poro\/?page_id=47"},"modified":"2026-01-30T13:53:49","modified_gmt":"2026-01-30T11:53:49","slug":"poron-vuosi","status":"publish","type":"page","link":"https:\/\/paliskunnat.fi\/poro\/poro\/poron-vuosi\/","title":{"rendered":"Poron vuosi"},"content":{"rendered":"<h1>Poron vuosi \u2212 valoa ja kaamosta<\/h1>\n<p>Poronhoitoalue ulottuu Per\u00e4meren rannikolta Kainuun vaara-alueiden kautta aina pohjoisimman Lapin avotuntureille. Luonnonolosuhteet\u00a0vaihtelevat suuresti laajan alueen eri puolilla. Etel\u00e4isell\u00e4 poronhoitoalueella kes\u00e4 on aluillaan, kun pohjoisessa on viel\u00e4 metri lunta ja j\u00e4rvet j\u00e4\u00e4ss\u00e4.<\/p>\n<p>Kes\u00e4 ja syksy ovat porolle kasvun aikaa. Viherravinnon ja syksyn sienisadon turvin poro lihoo ja ker\u00e4\u00e4 rasvavarastoaan talven varalle. Kes\u00e4n aikana poron paino nousee, karvapeite uusiutuu ja sek\u00e4 naaraalle ett\u00e4 koiraalle kasvaa uudet sarvet. Imett\u00e4v\u00e4lle vaatimelle kes\u00e4 on kuitenkin rasittavaa aikaa. Vaatimen paino saattaa alkukes\u00e4n aikana laskea pelk\u00e4st\u00e4\u00e4n maidontuotannon aiheuttaman energiavajeen vuoksi.<\/p>\n<p><a href=\"https:\/\/paliskunnat.fi\/poro\/wp-content\/uploads\/2014\/08\/Poron_vuosikiertoA1.png\" rel=\"lightbox[47]\"><img loading=\"lazy\" decoding=\"async\" class=\"alignnone wp-image-1404\" src=\"https:\/\/paliskunnat.fi\/poro\/wp-content\/uploads\/2014\/08\/Poron_vuosikiertoA1.png\" alt=\"Poron vuodenkierto\" width=\"460\" height=\"352\" srcset=\"https:\/\/paliskunnat.fi\/poro\/wp-content\/uploads\/2014\/08\/Poron_vuosikiertoA1.png 1300w, https:\/\/paliskunnat.fi\/poro\/wp-content\/uploads\/2014\/08\/Poron_vuosikiertoA1-300x230.png 300w, https:\/\/paliskunnat.fi\/poro\/wp-content\/uploads\/2014\/08\/Poron_vuosikiertoA1-1024x784.png 1024w\" sizes=\"auto, (max-width: 460px) 100vw, 460px\" \/><\/a><\/p>\n<p>Pohjoisessa poro on ainoa luonnonvarainen m\u00e4rehtij\u00e4, joka selviytyy l\u00e4pi vuoden Skandinavian puuttomalla tundralla. Poro l\u00f6yt\u00e4\u00e4 sopivaa ravintoa sek\u00e4 kes\u00e4n vehreydess\u00e4 ett\u00e4 talven ankarissa olosuhteissa. Poron ravinto ja ruuansulatuksen toiminta vaihtelee merkitt\u00e4v\u00e4sti kes\u00e4ll\u00e4 ja talvella.<\/p>\n<p>Talvella poro kaivaa ravintoa paksun lumikerroksen alta. Talvisen selviytymisen kannalta poron kyky k\u00e4ytt\u00e4\u00e4 j\u00e4k\u00e4l\u00e4\u00e4 ravinnokseen on el\u00e4inmaailmassa erikoista. J\u00e4k\u00e4l\u00e4ravinto varmistaa porolle oman &#8221;ekolokeron&#8221;, jossa ravintokilpailua muiden lajien kanssa ei esiinny. Poro muuttaa j\u00e4k\u00e4l\u00e4- ja viherravinnon korkealaatuisiksi liha-, nahka- ja luutuotteiksi ja pit\u00e4\u00e4 pohjoisen Lapin asuttuna.<\/p>\n<div class=\"perfect-pullquote vcard pullquote-align-full pullquote-border-placement-left\"><blockquote><p>J\u00e4k\u00e4l\u00e4ss\u00e4 on paljon helposti sulavia hiilihydraatteja<\/p><\/blockquote><\/div>\n<p>Poron el\u00e4m\u00e4 alkaa vasan syntyess\u00e4 kev\u00e4\u00e4ll\u00e4, touko-kes\u00e4kuussa. Vanhan sanonnan mukaan: &#8221;vappuna vasa hangella&#8221; tarkoittaa vasonnan alkavan huhti-toukokuun taitteessa. Vasonta saattaa jatkua pitk\u00e4lle kes\u00e4kuun puolelle.<\/p>\n<p>&nbsp;<\/p>\n<p><!--more--><\/p>\n<h2>Poron vuosi, Kujalan porotila, Kuusamo<\/h2>\n<p>Porois\u00e4nt\u00e4 Juha Kujala kertoo poron vuodesta (<a href=\"https:\/\/www.youtube.com\/watch?v=mY-SI7G7gkQ\" class=\"external external_icon\" rel=\"nofollow\">Youtube<\/a>). Ksakki ry. Julkaistu 12\/2017.<\/p>\n<p>&nbsp;<\/p>\n<p>&nbsp;<\/p>\n","protected":false},"excerpt":{"rendered":"<p>Poron vuosi \u2212 valoa ja kaamosta Poronhoitoalue ulottuu Per\u00e4meren rannikolta Kainuun vaara-alueiden kautta aina pohjoisimman Lapin avotuntureille. Luonnonolosuhteet\u00a0vaihtelevat suuresti laajan alueen eri puolilla. Etel\u00e4isell\u00e4 poronhoitoalueella kes\u00e4 on aluillaan, kun pohjoisessa on viel\u00e4 metri lunta ja j\u00e4rvet j\u00e4\u00e4ss\u00e4. Kes\u00e4 ja syksy ovat porolle kasvun aikaa. Viherravinnon ja syksyn sienisadon turvin poro lihoo ja ker\u00e4\u00e4 rasvavarastoaan talven [&hellip;]<\/p>\n","protected":false},"author":1,"featured_media":0,"parent":2,"menu_order":2,"comment_status":"open","ping_status":"closed","template":"","meta":{"footnotes":""},"class_list":["post-47","page","type-page","status-publish","hentry"],"yoast_head":"<!-- This site is optimized with the Yoast SEO plugin v27.2 - https:\/\/yoast.com\/product\/yoast-seo-wordpress\/ -->\n<title>Poron vuosi - Poro ja poronhoito<\/title>\n<meta name=\"description\" content=\"Poron vuosi on valoa ja kaamosta. Kes\u00e4 ja syksy ovat porolle kasvun aikaa. Talvella poro el\u00e4\u00e4 s\u00e4\u00e4st\u00f6liekill\u00e4 sy\u00f6den mieluiten j\u00e4k\u00e4l\u00e4\u00e4.\" \/>\n<meta name=\"robots\" content=\"index, follow, max-snippet:-1, max-image-preview:large, max-video-preview:-1\" \/>\n<link rel=\"canonical\" href=\"https:\/\/paliskunnat.fi\/poro\/poro\/poron-vuosi\/\" \/>\n<meta property=\"og:locale\" content=\"fi_FI\" \/>\n<meta property=\"og:type\" content=\"article\" \/>\n<meta property=\"og:title\" content=\"Poron vuosi - Poro ja poronhoito\" \/>\n<meta property=\"og:description\" content=\"Poron vuosi on valoa ja kaamosta. Kes\u00e4 ja syksy ovat porolle kasvun aikaa. Talvella poro el\u00e4\u00e4 s\u00e4\u00e4st\u00f6liekill\u00e4 sy\u00f6den mieluiten j\u00e4k\u00e4l\u00e4\u00e4.\" \/>\n<meta property=\"og:url\" content=\"https:\/\/paliskunnat.fi\/poro\/poro\/poron-vuosi\/\" \/>\n<meta property=\"og:site_name\" content=\"Poro ja poronhoito\" \/>\n<meta property=\"article:modified_time\" content=\"2026-01-30T11:53:49+00:00\" \/>\n<meta property=\"og:image\" content=\"https:\/\/paliskunnat.fi\/poro\/wp-content\/uploads\/2014\/08\/Poron_vuosikiertoA1.png\" \/>\n\t<meta property=\"og:image:width\" content=\"1300\" \/>\n\t<meta property=\"og:image:height\" content=\"995\" \/>\n\t<meta property=\"og:image:type\" content=\"image\/png\" \/>\n<meta name=\"twitter:card\" content=\"summary_large_image\" \/>\n<meta name=\"twitter:label1\" content=\"Arvioitu lukuaika\" \/>\n\t<meta name=\"twitter:data1\" content=\"2 minuuttia\" \/>\n<script type=\"application\/ld+json\" class=\"yoast-schema-graph\">{\"@context\":\"https:\/\/schema.org\",\"@graph\":[{\"@type\":\"WebPage\",\"@id\":\"https:\/\/paliskunnat.fi\/poro\/poro\/poron-vuosi\/\",\"url\":\"https:\/\/paliskunnat.fi\/poro\/poro\/poron-vuosi\/\",\"name\":\"Poron vuosi - Poro ja poronhoito\",\"isPartOf\":{\"@id\":\"https:\/\/paliskunnat.fi\/poro\/#website\"},\"primaryImageOfPage\":{\"@id\":\"https:\/\/paliskunnat.fi\/poro\/poro\/poron-vuosi\/#primaryimage\"},\"image\":{\"@id\":\"https:\/\/paliskunnat.fi\/poro\/poro\/poron-vuosi\/#primaryimage\"},\"thumbnailUrl\":\"https:\/\/paliskunnat.fi\/poro\/wp-content\/uploads\/2014\/08\/Poron_vuosikiertoA1.png\",\"datePublished\":\"2014-08-31T19:17:30+00:00\",\"dateModified\":\"2026-01-30T11:53:49+00:00\",\"description\":\"Poron vuosi on valoa ja kaamosta. Kes\u00e4 ja syksy ovat porolle kasvun aikaa. Talvella poro el\u00e4\u00e4 s\u00e4\u00e4st\u00f6liekill\u00e4 sy\u00f6den mieluiten j\u00e4k\u00e4l\u00e4\u00e4.\",\"breadcrumb\":{\"@id\":\"https:\/\/paliskunnat.fi\/poro\/poro\/poron-vuosi\/#breadcrumb\"},\"inLanguage\":\"fi\",\"potentialAction\":[{\"@type\":\"ReadAction\",\"target\":[\"https:\/\/paliskunnat.fi\/poro\/poro\/poron-vuosi\/\"]}]},{\"@type\":\"ImageObject\",\"inLanguage\":\"fi\",\"@id\":\"https:\/\/paliskunnat.fi\/poro\/poro\/poron-vuosi\/#primaryimage\",\"url\":\"https:\/\/paliskunnat.fi\/poro\/wp-content\/uploads\/2014\/08\/Poron_vuosikiertoA1.png\",\"contentUrl\":\"https:\/\/paliskunnat.fi\/poro\/wp-content\/uploads\/2014\/08\/Poron_vuosikiertoA1.png\",\"width\":1300,\"height\":995},{\"@type\":\"BreadcrumbList\",\"@id\":\"https:\/\/paliskunnat.fi\/poro\/poro\/poron-vuosi\/#breadcrumb\",\"itemListElement\":[{\"@type\":\"ListItem\",\"position\":1,\"name\":\"Home\",\"item\":\"https:\/\/paliskunnat.fi\/poro\/\"},{\"@type\":\"ListItem\",\"position\":2,\"name\":\"Poro\",\"item\":\"https:\/\/paliskunnat.fi\/poro\/poro\/\"},{\"@type\":\"ListItem\",\"position\":3,\"name\":\"Poron vuosi\"}]},{\"@type\":\"WebSite\",\"@id\":\"https:\/\/paliskunnat.fi\/poro\/#website\",\"url\":\"https:\/\/paliskunnat.fi\/poro\/\",\"name\":\"Poro ja poronhoito\",\"description\":\"Poro ja poronhoito Suomessa\",\"potentialAction\":[{\"@type\":\"SearchAction\",\"target\":{\"@type\":\"EntryPoint\",\"urlTemplate\":\"https:\/\/paliskunnat.fi\/poro\/?s={search_term_string}\"},\"query-input\":{\"@type\":\"PropertyValueSpecification\",\"valueRequired\":true,\"valueName\":\"search_term_string\"}}],\"inLanguage\":\"fi\"}]}<\/script>\n<!-- \/ Yoast SEO plugin. -->","yoast_head_json":{"title":"Poron vuosi - Poro ja poronhoito","description":"Poron vuosi on valoa ja kaamosta. Kes\u00e4 ja syksy ovat porolle kasvun aikaa. Talvella poro el\u00e4\u00e4 s\u00e4\u00e4st\u00f6liekill\u00e4 sy\u00f6den mieluiten j\u00e4k\u00e4l\u00e4\u00e4.","robots":{"index":"index","follow":"follow","max-snippet":"max-snippet:-1","max-image-preview":"max-image-preview:large","max-video-preview":"max-video-preview:-1"},"canonical":"https:\/\/paliskunnat.fi\/poro\/poro\/poron-vuosi\/","og_locale":"fi_FI","og_type":"article","og_title":"Poron vuosi - Poro ja poronhoito","og_description":"Poron vuosi on valoa ja kaamosta. Kes\u00e4 ja syksy ovat porolle kasvun aikaa. Talvella poro el\u00e4\u00e4 s\u00e4\u00e4st\u00f6liekill\u00e4 sy\u00f6den mieluiten j\u00e4k\u00e4l\u00e4\u00e4.","og_url":"https:\/\/paliskunnat.fi\/poro\/poro\/poron-vuosi\/","og_site_name":"Poro ja poronhoito","article_modified_time":"2026-01-30T11:53:49+00:00","og_image":[{"width":1300,"height":995,"url":"https:\/\/paliskunnat.fi\/poro\/wp-content\/uploads\/2014\/08\/Poron_vuosikiertoA1.png","type":"image\/png"}],"twitter_card":"summary_large_image","twitter_misc":{"Arvioitu lukuaika":"2 minuuttia"},"schema":{"@context":"https:\/\/schema.org","@graph":[{"@type":"WebPage","@id":"https:\/\/paliskunnat.fi\/poro\/poro\/poron-vuosi\/","url":"https:\/\/paliskunnat.fi\/poro\/poro\/poron-vuosi\/","name":"Poron vuosi - Poro ja poronhoito","isPartOf":{"@id":"https:\/\/paliskunnat.fi\/poro\/#website"},"primaryImageOfPage":{"@id":"https:\/\/paliskunnat.fi\/poro\/poro\/poron-vuosi\/#primaryimage"},"image":{"@id":"https:\/\/paliskunnat.fi\/poro\/poro\/poron-vuosi\/#primaryimage"},"thumbnailUrl":"https:\/\/paliskunnat.fi\/poro\/wp-content\/uploads\/2014\/08\/Poron_vuosikiertoA1.png","datePublished":"2014-08-31T19:17:30+00:00","dateModified":"2026-01-30T11:53:49+00:00","description":"Poron vuosi on valoa ja kaamosta. Kes\u00e4 ja syksy ovat porolle kasvun aikaa. Talvella poro el\u00e4\u00e4 s\u00e4\u00e4st\u00f6liekill\u00e4 sy\u00f6den mieluiten j\u00e4k\u00e4l\u00e4\u00e4.","breadcrumb":{"@id":"https:\/\/paliskunnat.fi\/poro\/poro\/poron-vuosi\/#breadcrumb"},"inLanguage":"fi","potentialAction":[{"@type":"ReadAction","target":["https:\/\/paliskunnat.fi\/poro\/poro\/poron-vuosi\/"]}]},{"@type":"ImageObject","inLanguage":"fi","@id":"https:\/\/paliskunnat.fi\/poro\/poro\/poron-vuosi\/#primaryimage","url":"https:\/\/paliskunnat.fi\/poro\/wp-content\/uploads\/2014\/08\/Poron_vuosikiertoA1.png","contentUrl":"https:\/\/paliskunnat.fi\/poro\/wp-content\/uploads\/2014\/08\/Poron_vuosikiertoA1.png","width":1300,"height":995},{"@type":"BreadcrumbList","@id":"https:\/\/paliskunnat.fi\/poro\/poro\/poron-vuosi\/#breadcrumb","itemListElement":[{"@type":"ListItem","position":1,"name":"Home","item":"https:\/\/paliskunnat.fi\/poro\/"},{"@type":"ListItem","position":2,"name":"Poro","item":"https:\/\/paliskunnat.fi\/poro\/poro\/"},{"@type":"ListItem","position":3,"name":"Poron vuosi"}]},{"@type":"WebSite","@id":"https:\/\/paliskunnat.fi\/poro\/#website","url":"https:\/\/paliskunnat.fi\/poro\/","name":"Poro ja poronhoito","description":"Poro ja poronhoito Suomessa","potentialAction":[{"@type":"SearchAction","target":{"@type":"EntryPoint","urlTemplate":"https:\/\/paliskunnat.fi\/poro\/?s={search_term_string}"},"query-input":{"@type":"PropertyValueSpecification","valueRequired":true,"valueName":"search_term_string"}}],"inLanguage":"fi"}]}},"_links":{"self":[{"href":"https:\/\/paliskunnat.fi\/poro\/wp-json\/wp\/v2\/pages\/47","targetHints":{"allow":["GET"]}}],"collection":[{"href":"https:\/\/paliskunnat.fi\/poro\/wp-json\/wp\/v2\/pages"}],"about":[{"href":"https:\/\/paliskunnat.fi\/poro\/wp-json\/wp\/v2\/types\/page"}],"author":[{"embeddable":true,"href":"https:\/\/paliskunnat.fi\/poro\/wp-json\/wp\/v2\/users\/1"}],"replies":[{"embeddable":true,"href":"https:\/\/paliskunnat.fi\/poro\/wp-json\/wp\/v2\/comments?post=47"}],"version-history":[{"count":113,"href":"https:\/\/paliskunnat.fi\/poro\/wp-json\/wp\/v2\/pages\/47\/revisions"}],"predecessor-version":[{"id":4770,"href":"https:\/\/paliskunnat.fi\/poro\/wp-json\/wp\/v2\/pages\/47\/revisions\/4770"}],"up":[{"embeddable":true,"href":"https:\/\/paliskunnat.fi\/poro\/wp-json\/wp\/v2\/pages\/2"}],"wp:attachment":[{"href":"https:\/\/paliskunnat.fi\/poro\/wp-json\/wp\/v2\/media?parent=47"}],"curies":[{"name":"wp","href":"https:\/\/api.w.org\/{rel}","templated":true}]}}