{"id":596,"date":"2014-12-06T12:24:23","date_gmt":"2014-12-06T10:24:23","guid":{"rendered":"http:\/\/80.69.171.23\/poro\/?page_id=596"},"modified":"2025-12-13T14:51:24","modified_gmt":"2025-12-13T12:51:24","slug":"porocup","status":"publish","type":"page","link":"https:\/\/paliskunnat.fi\/poro\/porokilpailut\/porocup\/","title":{"rendered":"Poro Cup"},"content":{"rendered":"<h2>\u00a0Poro Cup<\/h2>\n<p>Lis\u00e4tiedot: Suomen Porokilpailijat ry, <a href=\"http:\/\/www.porokilpailijat.fi\" class=\"external external_icon\" rel=\"nofollow\">www.porokilpailijat.fi<\/a> tai <a href=\"http:\/\/facebook.com\/porokilpailijat\" class=\"external external_icon\" rel=\"nofollow\">facebook.com\/porokilpailijat<\/a><\/p>\n<h3>Poro Cup -tulokset l\u00f6ytyv\u00e4t alla olevasta osoitteesta<\/h3>\n<p>Lis\u00e4tiedot: <a href=\"https:\/\/porokilpailijat.fi\/\" class=\"external external_icon\" rel=\"nofollow\">www.porokilpailijat.fi<\/a><\/p>\n<p>Porokilpailut ovat nopeatempoisia, joten osa j\u00e4nnitt\u00e4vist\u00e4 tilanteista voi j\u00e4\u00e4d\u00e4 huomaamatta. Oheinen kuvasarja on otettu Rovaniemen kisassa 25.2.2018. Juurakko-poro oli kadottanut kilpailijan aiemmin radalla eli kilpailija oli joutunut irrottamaan otteensa vuotturaipoista.<\/p>\n<p>Juurakko-poro oikaisee sis\u00e4kautta ja loppusuoran kaarteessa se loikkaa muiden kisaajien keskelle sivusta. Suoritus on taidokas sek\u00e4 poroilta ett\u00e4 kilpailijoilta. Kilpaporon nopeus radalla on 50-60 km\/h ja siit\u00e4 huolimatta sivulta tuleva poro pystyy sovittamaan hypyn kohdalleen, oikaisee sulavasti ja juoksee muiden porojen joukossa maaliin. Porolla kyse voi olla laumavaiston ohjaamasta toiminnasta, mutta voidaan huoletta sanoa, ett\u00e4 kilpaporo todella halusi juosta!<\/p>\n<p>Loikkaavan poron kohdalla oleva kilpailija n\u00e4kee poron tulevan ja ehtii v\u00e4ist\u00e4\u00e4, joten 5 kilpailijaa ja 6 poroa saapuu maaliin.<\/p>\n\n\t\t<style type=\"text\/css\">\n\t\t\t#gallery-1 {\n\t\t\t\tmargin: auto;\n\t\t\t}\n\t\t\t#gallery-1 .gallery-item {\n\t\t\t\tfloat: left;\n\t\t\t\tmargin-top: 10px;\n\t\t\t\ttext-align: center;\n\t\t\t\twidth: 33%;\n\t\t\t}\n\t\t\t#gallery-1 img {\n\t\t\t\tborder: 2px solid #cfcfcf;\n\t\t\t}\n\t\t\t#gallery-1 .gallery-caption {\n\t\t\t\tmargin-left: 0;\n\t\t\t}\n\t\t\t\/* see gallery_shortcode() in wp-includes\/media.php *\/\n\t\t<\/style>\n\t\t<div id='gallery-1' class='gallery galleryid-596 gallery-columns-3 gallery-size-thumbnail'><dl class='gallery-item'>\n\t\t\t<dt class='gallery-icon landscape'>\n\t\t\t\t<a href='https:\/\/paliskunnat.fi\/poro\/wp-content\/uploads\/2018\/03\/Mantyvaara25-2-2018A.jpg' rel=\"lightbox[596]\"><img loading=\"lazy\" decoding=\"async\" width=\"150\" height=\"150\" src=\"https:\/\/paliskunnat.fi\/poro\/wp-content\/uploads\/2018\/03\/Mantyvaara25-2-2018A-150x150.jpg\" class=\"attachment-thumbnail size-thumbnail\" alt=\"\" \/><\/a>\n\t\t\t<\/dt><\/dl><dl class='gallery-item'>\n\t\t\t<dt class='gallery-icon landscape'>\n\t\t\t\t<a href='https:\/\/paliskunnat.fi\/poro\/wp-content\/uploads\/2018\/03\/Mantyvaara25-2-2018B.jpg' rel=\"lightbox[596]\"><img loading=\"lazy\" decoding=\"async\" width=\"150\" height=\"150\" src=\"https:\/\/paliskunnat.fi\/poro\/wp-content\/uploads\/2018\/03\/Mantyvaara25-2-2018B-150x150.jpg\" class=\"attachment-thumbnail size-thumbnail\" alt=\"\" \/><\/a>\n\t\t\t<\/dt><\/dl><dl class='gallery-item'>\n\t\t\t<dt class='gallery-icon landscape'>\n\t\t\t\t<a href='https:\/\/paliskunnat.fi\/poro\/wp-content\/uploads\/2018\/03\/Mantyvaara25-2-2018C.jpg' rel=\"lightbox[596]\"><img loading=\"lazy\" decoding=\"async\" width=\"150\" height=\"150\" src=\"https:\/\/paliskunnat.fi\/poro\/wp-content\/uploads\/2018\/03\/Mantyvaara25-2-2018C-150x150.jpg\" class=\"attachment-thumbnail size-thumbnail\" alt=\"\" \/><\/a>\n\t\t\t<\/dt><\/dl><br style=\"clear: both\" \/><dl class='gallery-item'>\n\t\t\t<dt class='gallery-icon landscape'>\n\t\t\t\t<a href='https:\/\/paliskunnat.fi\/poro\/wp-content\/uploads\/2018\/03\/Mantyvaara25-2-2018D.jpg' rel=\"lightbox[596]\"><img loading=\"lazy\" decoding=\"async\" width=\"150\" height=\"150\" src=\"https:\/\/paliskunnat.fi\/poro\/wp-content\/uploads\/2018\/03\/Mantyvaara25-2-2018D-150x150.jpg\" class=\"attachment-thumbnail size-thumbnail\" alt=\"\" \/><\/a>\n\t\t\t<\/dt><\/dl><dl class='gallery-item'>\n\t\t\t<dt class='gallery-icon landscape'>\n\t\t\t\t<a href='https:\/\/paliskunnat.fi\/poro\/wp-content\/uploads\/2018\/03\/Mantyvaara25-2-2018E.jpg' rel=\"lightbox[596]\"><img loading=\"lazy\" decoding=\"async\" width=\"150\" height=\"150\" src=\"https:\/\/paliskunnat.fi\/poro\/wp-content\/uploads\/2018\/03\/Mantyvaara25-2-2018E-150x150.jpg\" class=\"attachment-thumbnail size-thumbnail\" alt=\"\" \/><\/a>\n\t\t\t<\/dt><\/dl><dl class='gallery-item'>\n\t\t\t<dt class='gallery-icon landscape'>\n\t\t\t\t<a href='https:\/\/paliskunnat.fi\/poro\/wp-content\/uploads\/2018\/03\/Mantyvaara25-2-2018F.jpg' rel=\"lightbox[596]\"><img loading=\"lazy\" decoding=\"async\" width=\"150\" height=\"150\" src=\"https:\/\/paliskunnat.fi\/poro\/wp-content\/uploads\/2018\/03\/Mantyvaara25-2-2018F-150x150.jpg\" class=\"attachment-thumbnail size-thumbnail\" alt=\"\" \/><\/a>\n\t\t\t<\/dt><\/dl><br style=\"clear: both\" \/><dl class='gallery-item'>\n\t\t\t<dt class='gallery-icon landscape'>\n\t\t\t\t<a href='https:\/\/paliskunnat.fi\/poro\/wp-content\/uploads\/2018\/03\/Mantyvaara25-2-2018G.jpg' rel=\"lightbox[596]\"><img loading=\"lazy\" decoding=\"async\" width=\"150\" height=\"150\" src=\"https:\/\/paliskunnat.fi\/poro\/wp-content\/uploads\/2018\/03\/Mantyvaara25-2-2018G-150x150.jpg\" class=\"attachment-thumbnail size-thumbnail\" alt=\"\" \/><\/a>\n\t\t\t<\/dt><\/dl><dl class='gallery-item'>\n\t\t\t<dt class='gallery-icon landscape'>\n\t\t\t\t<a href='https:\/\/paliskunnat.fi\/poro\/wp-content\/uploads\/2018\/03\/Mantyvaara25-2-2018H.jpg' rel=\"lightbox[596]\"><img loading=\"lazy\" decoding=\"async\" width=\"150\" height=\"150\" src=\"https:\/\/paliskunnat.fi\/poro\/wp-content\/uploads\/2018\/03\/Mantyvaara25-2-2018H-150x150.jpg\" class=\"attachment-thumbnail size-thumbnail\" alt=\"\" \/><\/a>\n\t\t\t<\/dt><\/dl>\n\t\t\t<br style='clear: both' \/>\n\t\t<\/div>\n\n<p>&nbsp;<\/p>\n<p>&nbsp;<\/p>\n<p><!--more--><\/p>\n<h2>Hyv\u00e4 kilpaporo<\/h2>\n<p>Yle: <a href=\"https:\/\/yle.fi\/uutiset\/3-10658578\" class=\"external external_icon\" rel=\"nofollow\">Millaisesta porosta tulee hyv\u00e4 kilpaporo<\/a> (22.2.2019)<\/p>\n<p>&nbsp;<\/p>\n","protected":false},"excerpt":{"rendered":"<p>\u00a0Poro Cup Lis\u00e4tiedot: Suomen Porokilpailijat ry, www.porokilpailijat.fi tai facebook.com\/porokilpailijat Poro Cup -tulokset l\u00f6ytyv\u00e4t alla olevasta osoitteesta Lis\u00e4tiedot: www.porokilpailijat.fi Porokilpailut ovat nopeatempoisia, joten osa j\u00e4nnitt\u00e4vist\u00e4 tilanteista voi j\u00e4\u00e4d\u00e4 huomaamatta. Oheinen kuvasarja on otettu Rovaniemen kisassa 25.2.2018. Juurakko-poro oli kadottanut kilpailijan aiemmin radalla eli kilpailija oli joutunut irrottamaan otteensa vuotturaipoista. Juurakko-poro oikaisee sis\u00e4kautta ja loppusuoran kaarteessa se [&hellip;]<\/p>\n","protected":false},"author":1,"featured_media":0,"parent":455,"menu_order":1,"comment_status":"open","ping_status":"closed","template":"","meta":{"footnotes":""},"class_list":["post-596","page","type-page","status-publish","hentry"],"yoast_head":"<!-- This site is optimized with the Yoast SEO plugin v27.2 - https:\/\/yoast.com\/product\/yoast-seo-wordpress\/ -->\n<title>Poro Cup - Poro ja poronhoito<\/title>\n<meta name=\"description\" content=\"Kilpaporot ratkaisevat paremmuutensa kev\u00e4ttalvella ajettavassa Poro Cup -kilpailusarjassa.\" \/>\n<meta name=\"robots\" content=\"index, follow, max-snippet:-1, max-image-preview:large, max-video-preview:-1\" \/>\n<link rel=\"canonical\" href=\"https:\/\/paliskunnat.fi\/poro\/porokilpailut\/porocup\/\" \/>\n<meta property=\"og:locale\" content=\"fi_FI\" \/>\n<meta property=\"og:type\" content=\"article\" \/>\n<meta property=\"og:title\" content=\"Poro Cup - Poro ja poronhoito\" \/>\n<meta property=\"og:description\" content=\"Kilpaporot ratkaisevat paremmuutensa kev\u00e4ttalvella ajettavassa Poro Cup -kilpailusarjassa.\" \/>\n<meta property=\"og:url\" content=\"https:\/\/paliskunnat.fi\/poro\/porokilpailut\/porocup\/\" \/>\n<meta property=\"og:site_name\" content=\"Poro ja poronhoito\" \/>\n<meta property=\"article:modified_time\" content=\"2025-12-13T12:51:24+00:00\" \/>\n<meta property=\"og:image\" content=\"https:\/\/paliskunnat.fi\/poro\/wp-content\/uploads\/2018\/03\/Mantyvaara25-2-2018A-150x150.jpg\" \/>\n<meta name=\"twitter:card\" content=\"summary_large_image\" \/>\n<meta name=\"twitter:label1\" content=\"Arvioitu lukuaika\" \/>\n\t<meta name=\"twitter:data1\" content=\"2 minuuttia\" \/>\n<script type=\"application\/ld+json\" class=\"yoast-schema-graph\">{\"@context\":\"https:\/\/schema.org\",\"@graph\":[{\"@type\":\"WebPage\",\"@id\":\"https:\/\/paliskunnat.fi\/poro\/porokilpailut\/porocup\/\",\"url\":\"https:\/\/paliskunnat.fi\/poro\/porokilpailut\/porocup\/\",\"name\":\"Poro Cup - Poro ja poronhoito\",\"isPartOf\":{\"@id\":\"https:\/\/paliskunnat.fi\/poro\/#website\"},\"datePublished\":\"2014-12-06T10:24:23+00:00\",\"dateModified\":\"2025-12-13T12:51:24+00:00\",\"description\":\"Kilpaporot ratkaisevat paremmuutensa kev\u00e4ttalvella ajettavassa Poro Cup -kilpailusarjassa.\",\"breadcrumb\":{\"@id\":\"https:\/\/paliskunnat.fi\/poro\/porokilpailut\/porocup\/#breadcrumb\"},\"inLanguage\":\"fi\",\"potentialAction\":[{\"@type\":\"ReadAction\",\"target\":[\"https:\/\/paliskunnat.fi\/poro\/porokilpailut\/porocup\/\"]}]},{\"@type\":\"BreadcrumbList\",\"@id\":\"https:\/\/paliskunnat.fi\/poro\/porokilpailut\/porocup\/#breadcrumb\",\"itemListElement\":[{\"@type\":\"ListItem\",\"position\":1,\"name\":\"Home\",\"item\":\"https:\/\/paliskunnat.fi\/poro\/\"},{\"@type\":\"ListItem\",\"position\":2,\"name\":\"Porokilpailut\",\"item\":\"https:\/\/paliskunnat.fi\/poro\/porokilpailut\/\"},{\"@type\":\"ListItem\",\"position\":3,\"name\":\"Poro Cup\"}]},{\"@type\":\"WebSite\",\"@id\":\"https:\/\/paliskunnat.fi\/poro\/#website\",\"url\":\"https:\/\/paliskunnat.fi\/poro\/\",\"name\":\"Poro ja poronhoito\",\"description\":\"Poro ja poronhoito Suomessa\",\"potentialAction\":[{\"@type\":\"SearchAction\",\"target\":{\"@type\":\"EntryPoint\",\"urlTemplate\":\"https:\/\/paliskunnat.fi\/poro\/?s={search_term_string}\"},\"query-input\":{\"@type\":\"PropertyValueSpecification\",\"valueRequired\":true,\"valueName\":\"search_term_string\"}}],\"inLanguage\":\"fi\"}]}<\/script>\n<!-- \/ Yoast SEO plugin. -->","yoast_head_json":{"title":"Poro Cup - Poro ja poronhoito","description":"Kilpaporot ratkaisevat paremmuutensa kev\u00e4ttalvella ajettavassa Poro Cup -kilpailusarjassa.","robots":{"index":"index","follow":"follow","max-snippet":"max-snippet:-1","max-image-preview":"max-image-preview:large","max-video-preview":"max-video-preview:-1"},"canonical":"https:\/\/paliskunnat.fi\/poro\/porokilpailut\/porocup\/","og_locale":"fi_FI","og_type":"article","og_title":"Poro Cup - Poro ja poronhoito","og_description":"Kilpaporot ratkaisevat paremmuutensa kev\u00e4ttalvella ajettavassa Poro Cup -kilpailusarjassa.","og_url":"https:\/\/paliskunnat.fi\/poro\/porokilpailut\/porocup\/","og_site_name":"Poro ja poronhoito","article_modified_time":"2025-12-13T12:51:24+00:00","og_image":[{"url":"https:\/\/paliskunnat.fi\/poro\/wp-content\/uploads\/2018\/03\/Mantyvaara25-2-2018A-150x150.jpg","type":"","width":"","height":""}],"twitter_card":"summary_large_image","twitter_misc":{"Arvioitu lukuaika":"2 minuuttia"},"schema":{"@context":"https:\/\/schema.org","@graph":[{"@type":"WebPage","@id":"https:\/\/paliskunnat.fi\/poro\/porokilpailut\/porocup\/","url":"https:\/\/paliskunnat.fi\/poro\/porokilpailut\/porocup\/","name":"Poro Cup - Poro ja poronhoito","isPartOf":{"@id":"https:\/\/paliskunnat.fi\/poro\/#website"},"datePublished":"2014-12-06T10:24:23+00:00","dateModified":"2025-12-13T12:51:24+00:00","description":"Kilpaporot ratkaisevat paremmuutensa kev\u00e4ttalvella ajettavassa Poro Cup -kilpailusarjassa.","breadcrumb":{"@id":"https:\/\/paliskunnat.fi\/poro\/porokilpailut\/porocup\/#breadcrumb"},"inLanguage":"fi","potentialAction":[{"@type":"ReadAction","target":["https:\/\/paliskunnat.fi\/poro\/porokilpailut\/porocup\/"]}]},{"@type":"BreadcrumbList","@id":"https:\/\/paliskunnat.fi\/poro\/porokilpailut\/porocup\/#breadcrumb","itemListElement":[{"@type":"ListItem","position":1,"name":"Home","item":"https:\/\/paliskunnat.fi\/poro\/"},{"@type":"ListItem","position":2,"name":"Porokilpailut","item":"https:\/\/paliskunnat.fi\/poro\/porokilpailut\/"},{"@type":"ListItem","position":3,"name":"Poro Cup"}]},{"@type":"WebSite","@id":"https:\/\/paliskunnat.fi\/poro\/#website","url":"https:\/\/paliskunnat.fi\/poro\/","name":"Poro ja poronhoito","description":"Poro ja poronhoito Suomessa","potentialAction":[{"@type":"SearchAction","target":{"@type":"EntryPoint","urlTemplate":"https:\/\/paliskunnat.fi\/poro\/?s={search_term_string}"},"query-input":{"@type":"PropertyValueSpecification","valueRequired":true,"valueName":"search_term_string"}}],"inLanguage":"fi"}]}},"_links":{"self":[{"href":"https:\/\/paliskunnat.fi\/poro\/wp-json\/wp\/v2\/pages\/596","targetHints":{"allow":["GET"]}}],"collection":[{"href":"https:\/\/paliskunnat.fi\/poro\/wp-json\/wp\/v2\/pages"}],"about":[{"href":"https:\/\/paliskunnat.fi\/poro\/wp-json\/wp\/v2\/types\/page"}],"author":[{"embeddable":true,"href":"https:\/\/paliskunnat.fi\/poro\/wp-json\/wp\/v2\/users\/1"}],"replies":[{"embeddable":true,"href":"https:\/\/paliskunnat.fi\/poro\/wp-json\/wp\/v2\/comments?post=596"}],"version-history":[{"count":90,"href":"https:\/\/paliskunnat.fi\/poro\/wp-json\/wp\/v2\/pages\/596\/revisions"}],"predecessor-version":[{"id":4759,"href":"https:\/\/paliskunnat.fi\/poro\/wp-json\/wp\/v2\/pages\/596\/revisions\/4759"}],"up":[{"embeddable":true,"href":"https:\/\/paliskunnat.fi\/poro\/wp-json\/wp\/v2\/pages\/455"}],"wp:attachment":[{"href":"https:\/\/paliskunnat.fi\/poro\/wp-json\/wp\/v2\/media?parent=596"}],"curies":[{"name":"wp","href":"https:\/\/api.w.org\/{rel}","templated":true}]}}