{"id":886,"date":"2014-12-16T13:29:43","date_gmt":"2014-12-16T11:29:43","guid":{"rendered":"http:\/\/80.69.171.23\/poro\/?page_id=886"},"modified":"2018-01-23T20:31:37","modified_gmt":"2018-01-23T18:31:37","slug":"kesa","status":"publish","type":"page","link":"https:\/\/paliskunnat.fi\/poro\/poro\/poron-vuosi\/kesa\/","title":{"rendered":"Poron kes\u00e4"},"content":{"rendered":"<h2>Kes\u00e4ll\u00e4 kasvetaan<\/h2>\n<div class=\"simplePullQuote right\"><p>&#8221;Kes\u00e4ll\u00e4 kasvetaan, talvella s\u00e4\u00e4stet\u00e4\u00e4n&#8221;<\/p>\n<\/div>\n<p>Kes\u00e4 on porolle kasvun ja ylt\u00e4kyll\u00e4isyyden aikaa. Kev\u00e4tkes\u00e4ll\u00e4\u00a0syntyneet vasat liikkuvat hennoilla koivillaan ketter\u00e4sti em\u00e4ns\u00e4 per\u00e4ss\u00e4. Alkukes\u00e4n vihanta kasvillisuus tarjoaa poroille runsaasti ravintoa. Erityisen suosittua ravintoa ovat tupasvillan maasta ty\u00f6ntyv\u00e4t kukinnot, joita poromiehet sanovat mustap\u00e4iksi (Helle 1982). My\u00f6s erilaiset sarat (Carex) ovat suosittua alkukes\u00e4n\u00a0herkkua.<\/p>\n<p><a href=\"https:\/\/paliskunnat.fi\/poro\/wp-content\/uploads\/2014\/12\/Porot_sallivaarassa_kesalla_2014.jpg\" rel=\"lightbox[886]\"><img loading=\"lazy\" decoding=\"async\" class=\"alignnone wp-image-1064\" src=\"https:\/\/paliskunnat.fi\/poro\/wp-content\/uploads\/2014\/12\/Porot_sallivaarassa_kesalla_2014.jpg\" alt=\"Porot Sallivaarassa kes\u00e4ll\u00e4 2014\" width=\"500\" height=\"333\" srcset=\"https:\/\/paliskunnat.fi\/poro\/wp-content\/uploads\/2014\/12\/Porot_sallivaarassa_kesalla_2014.jpg 900w, https:\/\/paliskunnat.fi\/poro\/wp-content\/uploads\/2014\/12\/Porot_sallivaarassa_kesalla_2014-300x200.jpg 300w\" sizes=\"auto, (max-width: 500px) 100vw, 500px\" \/><\/a><\/p>\n<p>Kaikkiaan poron k\u00e4ytt\u00e4mi\u00e4 ravintokasveja on yli 350, joista t\u00e4rkeimpi\u00e4\u00a0lajeja on yli 100. Kes\u00e4ll\u00e4 poro sy\u00f6 muun muassa erilaisia putkilokasveja, joista v\u00e4in\u00f6nputki (Angelica archangelica) on mieluisin (Kortesalmi 2008). Soilta porot etsiv\u00e4t raatetta, j\u00e4rvikortetta ja suokurjenjalkaa. Mets\u00e4alueilta haetaan muun muassa lehtipuiden lehti\u00e4, maitohorsmaa, kultapiiskua ja mets\u00e4lauhaa.<\/p>\n<p>Toisin kuin hirvi,\u00a0poro ei sy\u00f6 havupuiden taimia tai vuosikasvaimia. Poron laiduntava vaikutus rajoittuu n\u00e4in vain lehtipuihin. My\u00f6sk\u00e4\u00e4n vaivaiskoivu ei porolle maistu.\u00a0Tunturialueilla porot sy\u00f6v\u00e4t tunturikoivun lehti\u00e4 ja viihtyv\u00e4t viimeisill\u00e4 lumenviipym\u00e4laikuilla, joiden reunoilla on uutta vihantaa kasvillisuutta ja lumi viilent\u00e4\u00e4.<\/p>\n<h3>R\u00e4kk\u00e4 on porolle rasitus<\/h3>\n<p>Kes\u00e4-hein\u00e4kuussa alkava r\u00e4kk\u00e4- eli hy\u00f6nteisaika on porolle rasittava kausi. R\u00e4k\u00e4ll\u00e4 tarkoitetaan lent\u00e4vi\u00e4 vertaimevi\u00e4 hy\u00f6nteisi\u00e4 eli s\u00e4\u00e4ski\u00e4, m\u00e4k\u00e4r\u00f6it\u00e4, paarmoja ja polttiaisia sek\u00e4 kahta poroa vaivaavaa loisk\u00e4rp\u00e4st\u00e4: kurmua ja saulakkaa (Helle 1982).\u00a0R\u00e4k\u00e4n alettua porot kokoontuvat tokkiin aukeille ja tuulisille alueille, kuten soille tai tunturiin, toisinaan my\u00f6s teille, jolloin yksitt\u00e4inen poro p\u00e4\u00e4see v\u00e4hemm\u00e4ll\u00e4.\u00a0L\u00e4mpim\u00e4n\u00e4 p\u00e4iv\u00e4n\u00e4 hiekkakuopassa makoilevan poron l\u00e4mp\u00f6- ja hiilidioksidij\u00e4lki nousee ilmavirtausten mukana korkealle yl\u00e4ilmoihin, jolloin vertaimev\u00e4t hy\u00f6nteiset eiv\u00e4t l\u00f6yd\u00e4 uhriaan.<\/p>\n<div class=\"simplePullQuote right\"><p>\u00a0R\u00e4kk\u00e4 on\u00a0paimenista tehokkain<\/p>\n<\/div>\n<p>Poromiehi\u00e4 r\u00e4kk\u00e4 auttaa porojen kokoamisessa vasanmerkint\u00e4\u00e4n.\u00a0Helle ei helli poroa. Poro kest\u00e4\u00e4 paremmin kylm\u00e4\u00e4 s\u00e4\u00e4t\u00e4 kuin hellett\u00e4.\u00a0Porolle viile\u00e4 ja sateinen alku- ja keskikes\u00e4 onkin hyvin mieluinen:\u00a0r\u00e4k\u00e4n kokonaiskesto j\u00e4\u00e4 lyhyemm\u00e4ksi ja aikaa ruokailuun on enemm\u00e4n. Lis\u00e4ksi kasvillisuus s\u00e4ilyy pidemp\u00e4\u00e4n vehre\u00e4n\u00e4. Hellekes\u00e4n\u00e4 erityisesti vasat ovat kovilla. Karvapeitteen suojaa vaille j\u00e4\u00e4v\u00e4t alueet, kuten silmien ymp\u00e4rist\u00f6, ovat jatkuvasti alttiina verenimij\u00f6iden hy\u00f6kk\u00e4yksille. Helteell\u00e4 porot juoksevat rauhattomasti paikasta toiseen ja ruokailuaika j\u00e4\u00e4 lyhyeksi. Vasat voivat k\u00e4rsi\u00e4 r\u00e4k\u00e4n seurauksena anemiasta, joka pitk\u00e4\u00e4n kest\u00e4ess\u00e4\u00e4n voi lis\u00e4t\u00e4 vasakuolleisuutta.<\/p>\n<h3>Karvanvaihto eli karvanluonti<\/h3>\n<p>Kes\u00e4ll\u00e4\u00a0porojen paksu talvikarva vaihtuu kes\u00e4karvaan. Talvikarva irtoaa suurina tukkoina paljastaen altaan kauniin\u00a0sile\u00e4n\u00a0kes\u00e4karvan. Karvaansa vaihtavat\u00a0porot n\u00e4ytt\u00e4v\u00e4t takkuisen r\u00e4hj\u00e4isilt\u00e4, mutta karvanvaihto on normaali, lajille ominainen tapahtuma. Paksumpi suojaava talvikarva alkaa kasvaa j\u00e4lleen elokuussa.<\/p>\n<p><a href=\"https:\/\/paliskunnat.fi\/poro\/wp-content\/uploads\/2014\/12\/porot_Saarisel\u00e4n_matkailukeskus900.jpg\" rel=\"lightbox[886]\"><img loading=\"lazy\" decoding=\"async\" class=\"alignnone wp-image-1053\" src=\"https:\/\/paliskunnat.fi\/poro\/wp-content\/uploads\/2014\/12\/porot_Saarisel\u00e4n_matkailukeskus900.jpg\" alt=\"Karvanvaihdossa olevia poroja Saarisel\u00e4ll\u00e4 kes\u00e4ll\u00e4 2013. Kuva: Maaren Angeli\" width=\"500\" height=\"321\" srcset=\"https:\/\/paliskunnat.fi\/poro\/wp-content\/uploads\/2014\/12\/porot_Saarisel\u00e4n_matkailukeskus900.jpg 900w, https:\/\/paliskunnat.fi\/poro\/wp-content\/uploads\/2014\/12\/porot_Saarisel\u00e4n_matkailukeskus900-300x193.jpg 300w\" sizes=\"auto, (max-width: 500px) 100vw, 500px\" \/><\/a><\/p>\n<p>Vaikka poro vaihtaa turkin kes\u00e4ll\u00e4 ohuempaan, pitk\u00e4t hellejaksot erityisesti alkukes\u00e4ll\u00e4 ovat poroille rasittavia. Porolla ei ole hikirauhasia, joten ylim\u00e4\u00e4r\u00e4inen l\u00e4mp\u00f6 on haihdutettava p\u00e4\u00e4osin suun kautta.<\/p>\n<h3>Poronsarvi \u2212 luunkasvua maailmanenn\u00e4tyslukemin<\/h3>\n<p>Sek\u00e4 uros ett\u00e4 naarasporoille kasvavat\u00a0vuosittain uudet\u00a0sarvet. Vuorokaudessa jopa kaksi senttimetri\u00e4 kasvavat sarvet ovat maailman nopeimmin kasvavaa luuta. Uutta luuta voi muodostua sarveen yli 100 grammaa vuorokaudessa.<\/p>\n<p>Kes\u00e4ll\u00e4 kasvavat sarvet ovat aluksi pehme\u00e4t ja nahan peitt\u00e4m\u00e4t. Poro keloo nahan pois sarvista my\u00f6hemmin syksyll\u00e4. Hirvaat k\u00e4ytt\u00e4v\u00e4t sarviaan rykim\u00e4- eli kiima-aikana urosten v\u00e4lisiss\u00e4 kamppailuissa ja vaatimet puolestaan hy\u00f6tyv\u00e4t talvella sarvistaan kaivuukuoppien omistuksesta oteltaessa.<\/p>\n<p>&nbsp;<\/p>\n<p>&nbsp;<\/p>\n","protected":false},"excerpt":{"rendered":"<p>Kes\u00e4ll\u00e4 kasvetaan Kes\u00e4 on porolle kasvun ja ylt\u00e4kyll\u00e4isyyden aikaa. Kev\u00e4tkes\u00e4ll\u00e4\u00a0syntyneet vasat liikkuvat hennoilla koivillaan ketter\u00e4sti em\u00e4ns\u00e4 per\u00e4ss\u00e4. Alkukes\u00e4n vihanta kasvillisuus tarjoaa poroille runsaasti ravintoa. Erityisen suosittua ravintoa ovat tupasvillan maasta ty\u00f6ntyv\u00e4t kukinnot, joita poromiehet sanovat mustap\u00e4iksi (Helle 1982). My\u00f6s erilaiset sarat (Carex) ovat suosittua alkukes\u00e4n\u00a0herkkua. Kaikkiaan poron k\u00e4ytt\u00e4mi\u00e4 ravintokasveja on yli 350, joista t\u00e4rkeimpi\u00e4\u00a0lajeja on [&hellip;]<\/p>\n","protected":false},"author":1,"featured_media":0,"parent":47,"menu_order":2,"comment_status":"open","ping_status":"closed","template":"","meta":{"footnotes":""},"class_list":["post-886","page","type-page","status-publish","hentry"],"yoast_head":"<!-- This site is optimized with the Yoast SEO plugin v27.2 - https:\/\/yoast.com\/product\/yoast-seo-wordpress\/ -->\n<title>Poron kes\u00e4 - Poro ja poronhoito<\/title>\n<meta name=\"robots\" content=\"index, follow, max-snippet:-1, max-image-preview:large, max-video-preview:-1\" \/>\n<link rel=\"canonical\" href=\"https:\/\/paliskunnat.fi\/poro\/poro\/poron-vuosi\/kesa\/\" \/>\n<meta property=\"og:locale\" content=\"fi_FI\" \/>\n<meta property=\"og:type\" content=\"article\" \/>\n<meta property=\"og:title\" content=\"Poron kes\u00e4 - Poro ja poronhoito\" \/>\n<meta property=\"og:description\" content=\"Kes\u00e4ll\u00e4 kasvetaan Kes\u00e4 on porolle kasvun ja ylt\u00e4kyll\u00e4isyyden aikaa. Kev\u00e4tkes\u00e4ll\u00e4\u00a0syntyneet vasat liikkuvat hennoilla koivillaan ketter\u00e4sti em\u00e4ns\u00e4 per\u00e4ss\u00e4. Alkukes\u00e4n vihanta kasvillisuus tarjoaa poroille runsaasti ravintoa. Erityisen suosittua ravintoa ovat tupasvillan maasta ty\u00f6ntyv\u00e4t kukinnot, joita poromiehet sanovat mustap\u00e4iksi (Helle 1982). My\u00f6s erilaiset sarat (Carex) ovat suosittua alkukes\u00e4n\u00a0herkkua. Kaikkiaan poron k\u00e4ytt\u00e4mi\u00e4 ravintokasveja on yli 350, joista t\u00e4rkeimpi\u00e4\u00a0lajeja on [&hellip;]\" \/>\n<meta property=\"og:url\" content=\"https:\/\/paliskunnat.fi\/poro\/poro\/poron-vuosi\/kesa\/\" \/>\n<meta property=\"og:site_name\" content=\"Poro ja poronhoito\" \/>\n<meta property=\"article:modified_time\" content=\"2018-01-23T18:31:37+00:00\" \/>\n<meta property=\"og:image\" content=\"https:\/\/paliskunnat.fi\/poro\/wp-content\/uploads\/2014\/12\/Porot_sallivaarassa_kesalla_2014.jpg\" \/>\n<meta name=\"twitter:card\" content=\"summary_large_image\" \/>\n<meta name=\"twitter:label1\" content=\"Arvioitu lukuaika\" \/>\n\t<meta name=\"twitter:data1\" content=\"3 minuuttia\" \/>\n<script type=\"application\/ld+json\" class=\"yoast-schema-graph\">{\"@context\":\"https:\/\/schema.org\",\"@graph\":[{\"@type\":\"WebPage\",\"@id\":\"https:\/\/paliskunnat.fi\/poro\/poro\/poron-vuosi\/kesa\/\",\"url\":\"https:\/\/paliskunnat.fi\/poro\/poro\/poron-vuosi\/kesa\/\",\"name\":\"Poron kes\u00e4 - Poro ja poronhoito\",\"isPartOf\":{\"@id\":\"https:\/\/paliskunnat.fi\/poro\/#website\"},\"primaryImageOfPage\":{\"@id\":\"https:\/\/paliskunnat.fi\/poro\/poro\/poron-vuosi\/kesa\/#primaryimage\"},\"image\":{\"@id\":\"https:\/\/paliskunnat.fi\/poro\/poro\/poron-vuosi\/kesa\/#primaryimage\"},\"thumbnailUrl\":\"https:\/\/paliskunnat.fi\/poro\/wp-content\/uploads\/2014\/12\/Porot_sallivaarassa_kesalla_2014.jpg\",\"datePublished\":\"2014-12-16T11:29:43+00:00\",\"dateModified\":\"2018-01-23T18:31:37+00:00\",\"breadcrumb\":{\"@id\":\"https:\/\/paliskunnat.fi\/poro\/poro\/poron-vuosi\/kesa\/#breadcrumb\"},\"inLanguage\":\"fi\",\"potentialAction\":[{\"@type\":\"ReadAction\",\"target\":[\"https:\/\/paliskunnat.fi\/poro\/poro\/poron-vuosi\/kesa\/\"]}]},{\"@type\":\"ImageObject\",\"inLanguage\":\"fi\",\"@id\":\"https:\/\/paliskunnat.fi\/poro\/poro\/poron-vuosi\/kesa\/#primaryimage\",\"url\":\"https:\/\/paliskunnat.fi\/poro\/wp-content\/uploads\/2014\/12\/Porot_sallivaarassa_kesalla_2014.jpg\",\"contentUrl\":\"https:\/\/paliskunnat.fi\/poro\/wp-content\/uploads\/2014\/12\/Porot_sallivaarassa_kesalla_2014.jpg\",\"width\":900,\"height\":600},{\"@type\":\"BreadcrumbList\",\"@id\":\"https:\/\/paliskunnat.fi\/poro\/poro\/poron-vuosi\/kesa\/#breadcrumb\",\"itemListElement\":[{\"@type\":\"ListItem\",\"position\":1,\"name\":\"Home\",\"item\":\"https:\/\/paliskunnat.fi\/poro\/\"},{\"@type\":\"ListItem\",\"position\":2,\"name\":\"Poro\",\"item\":\"https:\/\/paliskunnat.fi\/poro\/poro\/\"},{\"@type\":\"ListItem\",\"position\":3,\"name\":\"Poron vuosi\",\"item\":\"https:\/\/paliskunnat.fi\/poro\/poro\/poron-vuosi\/\"},{\"@type\":\"ListItem\",\"position\":4,\"name\":\"Poron kes\u00e4\"}]},{\"@type\":\"WebSite\",\"@id\":\"https:\/\/paliskunnat.fi\/poro\/#website\",\"url\":\"https:\/\/paliskunnat.fi\/poro\/\",\"name\":\"Poro ja poronhoito\",\"description\":\"Poro ja poronhoito Suomessa\",\"potentialAction\":[{\"@type\":\"SearchAction\",\"target\":{\"@type\":\"EntryPoint\",\"urlTemplate\":\"https:\/\/paliskunnat.fi\/poro\/?s={search_term_string}\"},\"query-input\":{\"@type\":\"PropertyValueSpecification\",\"valueRequired\":true,\"valueName\":\"search_term_string\"}}],\"inLanguage\":\"fi\"}]}<\/script>\n<!-- \/ Yoast SEO plugin. -->","yoast_head_json":{"title":"Poron kes\u00e4 - Poro ja poronhoito","robots":{"index":"index","follow":"follow","max-snippet":"max-snippet:-1","max-image-preview":"max-image-preview:large","max-video-preview":"max-video-preview:-1"},"canonical":"https:\/\/paliskunnat.fi\/poro\/poro\/poron-vuosi\/kesa\/","og_locale":"fi_FI","og_type":"article","og_title":"Poron kes\u00e4 - Poro ja poronhoito","og_description":"Kes\u00e4ll\u00e4 kasvetaan Kes\u00e4 on porolle kasvun ja ylt\u00e4kyll\u00e4isyyden aikaa. Kev\u00e4tkes\u00e4ll\u00e4\u00a0syntyneet vasat liikkuvat hennoilla koivillaan ketter\u00e4sti em\u00e4ns\u00e4 per\u00e4ss\u00e4. Alkukes\u00e4n vihanta kasvillisuus tarjoaa poroille runsaasti ravintoa. Erityisen suosittua ravintoa ovat tupasvillan maasta ty\u00f6ntyv\u00e4t kukinnot, joita poromiehet sanovat mustap\u00e4iksi (Helle 1982). My\u00f6s erilaiset sarat (Carex) ovat suosittua alkukes\u00e4n\u00a0herkkua. Kaikkiaan poron k\u00e4ytt\u00e4mi\u00e4 ravintokasveja on yli 350, joista t\u00e4rkeimpi\u00e4\u00a0lajeja on [&hellip;]","og_url":"https:\/\/paliskunnat.fi\/poro\/poro\/poron-vuosi\/kesa\/","og_site_name":"Poro ja poronhoito","article_modified_time":"2018-01-23T18:31:37+00:00","og_image":[{"url":"https:\/\/paliskunnat.fi\/poro\/wp-content\/uploads\/2014\/12\/Porot_sallivaarassa_kesalla_2014.jpg","type":"","width":"","height":""}],"twitter_card":"summary_large_image","twitter_misc":{"Arvioitu lukuaika":"3 minuuttia"},"schema":{"@context":"https:\/\/schema.org","@graph":[{"@type":"WebPage","@id":"https:\/\/paliskunnat.fi\/poro\/poro\/poron-vuosi\/kesa\/","url":"https:\/\/paliskunnat.fi\/poro\/poro\/poron-vuosi\/kesa\/","name":"Poron kes\u00e4 - Poro ja poronhoito","isPartOf":{"@id":"https:\/\/paliskunnat.fi\/poro\/#website"},"primaryImageOfPage":{"@id":"https:\/\/paliskunnat.fi\/poro\/poro\/poron-vuosi\/kesa\/#primaryimage"},"image":{"@id":"https:\/\/paliskunnat.fi\/poro\/poro\/poron-vuosi\/kesa\/#primaryimage"},"thumbnailUrl":"https:\/\/paliskunnat.fi\/poro\/wp-content\/uploads\/2014\/12\/Porot_sallivaarassa_kesalla_2014.jpg","datePublished":"2014-12-16T11:29:43+00:00","dateModified":"2018-01-23T18:31:37+00:00","breadcrumb":{"@id":"https:\/\/paliskunnat.fi\/poro\/poro\/poron-vuosi\/kesa\/#breadcrumb"},"inLanguage":"fi","potentialAction":[{"@type":"ReadAction","target":["https:\/\/paliskunnat.fi\/poro\/poro\/poron-vuosi\/kesa\/"]}]},{"@type":"ImageObject","inLanguage":"fi","@id":"https:\/\/paliskunnat.fi\/poro\/poro\/poron-vuosi\/kesa\/#primaryimage","url":"https:\/\/paliskunnat.fi\/poro\/wp-content\/uploads\/2014\/12\/Porot_sallivaarassa_kesalla_2014.jpg","contentUrl":"https:\/\/paliskunnat.fi\/poro\/wp-content\/uploads\/2014\/12\/Porot_sallivaarassa_kesalla_2014.jpg","width":900,"height":600},{"@type":"BreadcrumbList","@id":"https:\/\/paliskunnat.fi\/poro\/poro\/poron-vuosi\/kesa\/#breadcrumb","itemListElement":[{"@type":"ListItem","position":1,"name":"Home","item":"https:\/\/paliskunnat.fi\/poro\/"},{"@type":"ListItem","position":2,"name":"Poro","item":"https:\/\/paliskunnat.fi\/poro\/poro\/"},{"@type":"ListItem","position":3,"name":"Poron vuosi","item":"https:\/\/paliskunnat.fi\/poro\/poro\/poron-vuosi\/"},{"@type":"ListItem","position":4,"name":"Poron kes\u00e4"}]},{"@type":"WebSite","@id":"https:\/\/paliskunnat.fi\/poro\/#website","url":"https:\/\/paliskunnat.fi\/poro\/","name":"Poro ja poronhoito","description":"Poro ja poronhoito Suomessa","potentialAction":[{"@type":"SearchAction","target":{"@type":"EntryPoint","urlTemplate":"https:\/\/paliskunnat.fi\/poro\/?s={search_term_string}"},"query-input":{"@type":"PropertyValueSpecification","valueRequired":true,"valueName":"search_term_string"}}],"inLanguage":"fi"}]}},"_links":{"self":[{"href":"https:\/\/paliskunnat.fi\/poro\/wp-json\/wp\/v2\/pages\/886","targetHints":{"allow":["GET"]}}],"collection":[{"href":"https:\/\/paliskunnat.fi\/poro\/wp-json\/wp\/v2\/pages"}],"about":[{"href":"https:\/\/paliskunnat.fi\/poro\/wp-json\/wp\/v2\/types\/page"}],"author":[{"embeddable":true,"href":"https:\/\/paliskunnat.fi\/poro\/wp-json\/wp\/v2\/users\/1"}],"replies":[{"embeddable":true,"href":"https:\/\/paliskunnat.fi\/poro\/wp-json\/wp\/v2\/comments?post=886"}],"version-history":[{"count":91,"href":"https:\/\/paliskunnat.fi\/poro\/wp-json\/wp\/v2\/pages\/886\/revisions"}],"predecessor-version":[{"id":3840,"href":"https:\/\/paliskunnat.fi\/poro\/wp-json\/wp\/v2\/pages\/886\/revisions\/3840"}],"up":[{"embeddable":true,"href":"https:\/\/paliskunnat.fi\/poro\/wp-json\/wp\/v2\/pages\/47"}],"wp:attachment":[{"href":"https:\/\/paliskunnat.fi\/poro\/wp-json\/wp\/v2\/media?parent=886"}],"curies":[{"name":"wp","href":"https:\/\/api.w.org\/{rel}","templated":true}]}}