{"id":925,"date":"2014-12-16T15:02:23","date_gmt":"2014-12-16T13:02:23","guid":{"rendered":"http:\/\/80.69.171.23\/poro\/?page_id=925"},"modified":"2021-03-12T09:22:13","modified_gmt":"2021-03-12T07:22:13","slug":"kevat","status":"publish","type":"page","link":"https:\/\/paliskunnat.fi\/poro\/poro\/poron-vuosi\/kevat\/","title":{"rendered":"Poron kev\u00e4t"},"content":{"rendered":"<h2>Kev\u00e4t on vasonnan aikaa<\/h2>\n<p>Suurin osa poronvasoista syntyy toukokuussa, mutta vasonta jatkuu kes\u00e4kuun puolelle. Vasat syntyv\u00e4t, kun lumi on jo osittain sulanut ja kovien pakkasten ja lumisateiden todenn\u00e4k\u00f6isyys v\u00e4henee. Vasonnan huippu on Suomessa Erkinp\u00e4iv\u00e4n (18.5.) paikkeilla. Poron kantoajan pituus on keskim\u00e4\u00e4rin 220 vuorokautta. Urosvasaa em\u00e4 kantaa keskim\u00e4\u00e4rin kaksi vuorokautta naarasvasaa pidemp\u00e4\u00e4n. Tavallisesti vasoja syntyy yksi. Kaksoisvasat ovat harvinaisia ja niiden selviytyminen viel\u00e4 harvinaisempaa.<\/p>\n<div class=\"simplePullQuote right\"><p>&#8221;Vappuna vasa hangella&#8221; &#8211; on vanha lappilainen sanonta<\/p>\n<\/div>\n<p>Vasonnan viiv\u00e4styminen my\u00f6hemp\u00e4\u00e4n kes\u00e4\u00e4n\u00a0ei olisi porolle\u00a0eduksi, koska osa t\u00e4rke\u00e4st\u00e4 kasvukaudesta menisi hukkaan. Vasan tulee olla mahdollisimman kookas ennen tulevan talven alkua, jotta se selviytyisi talvioloista.<\/p>\n<p><a href=\"https:\/\/paliskunnat.fi\/poro\/wp-content\/uploads\/2014\/12\/poron_vasa.jpg\" rel=\"lightbox[925]\"><img loading=\"lazy\" decoding=\"async\" class=\"alignnone wp-image-1020\" src=\"https:\/\/paliskunnat.fi\/poro\/wp-content\/uploads\/2014\/12\/poron_vasa.jpg\" alt=\"Poronvasa kihnuttaa p\u00e4\u00e4t\u00e4\u00e4n emon vasten.\" width=\"460\" height=\"482\" srcset=\"https:\/\/paliskunnat.fi\/poro\/wp-content\/uploads\/2014\/12\/poron_vasa.jpg 900w, https:\/\/paliskunnat.fi\/poro\/wp-content\/uploads\/2014\/12\/poron_vasa-286x300.jpg 286w\" sizes=\"auto, (max-width: 460px) 100vw, 460px\" \/><\/a><br \/>\nVaatimet vet\u00e4ytyv\u00e4t vasomaan suojaisiin paikkoihin ja ovat vasonnan aikaan erityisen herkki\u00e4 h\u00e4iri\u00f6tekij\u00f6ille. Viikko tai pari vasonnan j\u00e4lkeen vaatimet pudottavat sarvensa. Vasonta tapahtuu poroilla yleens\u00e4\u00a0helposti ja kest\u00e4\u00e4 noin\u00a020\u221230 minuuttia.<\/p>\n<p>Poronvasat ovat syntyess\u00e4\u00e4n\u00a0hyvin kehittyneit\u00e4. Poronvasan turkki on kuivuttuaan tehokas l\u00e4mm\u00f6neriste, joten vasat selvi\u00e4v\u00e4t turkin ja ruskean rasvan turvin mahdollisen takatalven pakkasista. Vasan turkin kaikki karvat ovat ilmat\u00e4ytteisi\u00e4. Turkissa on 3200 karvaa neli\u00f6senttimetrill\u00e4. Kuukauden ik\u00e4isen\u00e4 vasan turkki alkaa korvautua ns. purkakarvalla ja syksyll\u00e4 se\u00a0vastaa jo aikuisen poron turkin rakennetta (Nieminen 1999).<\/p>\n<p><a href=\"http:\/\/paliskunnat.fi\/poro\/wp-content\/uploads\/2021\/03\/poronvasa.jpg\" rel=\"lightbox[925]\"><img loading=\"lazy\" decoding=\"async\" class=\"alignnone wp-image-4365\" src=\"http:\/\/paliskunnat.fi\/poro\/wp-content\/uploads\/2021\/03\/poronvasa.jpg\" alt=\"Poronvasa\" width=\"460\" height=\"345\" srcset=\"https:\/\/paliskunnat.fi\/poro\/wp-content\/uploads\/2021\/03\/poronvasa.jpg 1200w, https:\/\/paliskunnat.fi\/poro\/wp-content\/uploads\/2021\/03\/poronvasa-300x225.jpg 300w, https:\/\/paliskunnat.fi\/poro\/wp-content\/uploads\/2021\/03\/poronvasa-1024x768.jpg 1024w, https:\/\/paliskunnat.fi\/poro\/wp-content\/uploads\/2021\/03\/poronvasa-768x576.jpg 768w\" sizes=\"auto, (max-width: 460px) 100vw, 460px\" \/><\/a><\/p>\n<p>Syntym\u00e4hetkell\u00e4\u00e4n 4\u22126 kiloa painava vasa on ravintonsa osalta t\u00e4ysin riippuvainen em\u00e4ns\u00e4 maidosta. Poronmaito on eritt\u00e4in ravitsevaa ja vasan paino nousee nopeasti. Kes\u00e4ll\u00e4 vasan paino voi nousta 500 grammaa vuorokaudessa. Vasa tarvitsee 3,4 litraa maitoa kilon painolis\u00e4ykseen, kun muilla\u00a0hirviel\u00e4imill\u00e4 ja kotiel\u00e4imill\u00e4 vastaavaan tarvitaan 6\u221210 litraa. Imetysjaksot voivat olla vain muutamien sekuntien mittaisia.<\/p>\n<p>Poronvasan ensimm\u00e4isten elinviikkojen kylm\u00e4kest\u00e4vyytt\u00e4 parantaa ruskea rasva. Ruskeaa rasvaa on sis\u00e4elinten ymp\u00e4rill\u00e4 1\u22122 % vasan ruumiinpainosta. Se\u00a0katoaa 3\u22124 elinviikon kuluessa. Vasojen syntym\u00e4paino kaksinkertaistuu ensimm\u00e4isen elinkuukauden aikana. My\u00f6s sarvet alkavat kasvaa jo ensimm\u00e4isin\u00e4 elinviikkoina.<\/p>\n<p>&nbsp;<\/p>\n<p>&nbsp;<\/p>\n","protected":false},"excerpt":{"rendered":"<p>Kev\u00e4t on vasonnan aikaa Suurin osa poronvasoista syntyy toukokuussa, mutta vasonta jatkuu kes\u00e4kuun puolelle. Vasat syntyv\u00e4t, kun lumi on jo osittain sulanut ja kovien pakkasten ja lumisateiden todenn\u00e4k\u00f6isyys v\u00e4henee. Vasonnan huippu on Suomessa Erkinp\u00e4iv\u00e4n (18.5.) paikkeilla. Poron kantoajan pituus on keskim\u00e4\u00e4rin 220 vuorokautta. Urosvasaa em\u00e4 kantaa keskim\u00e4\u00e4rin kaksi vuorokautta naarasvasaa pidemp\u00e4\u00e4n. Tavallisesti vasoja syntyy yksi. [&hellip;]<\/p>\n","protected":false},"author":1,"featured_media":0,"parent":47,"menu_order":1,"comment_status":"open","ping_status":"closed","template":"","meta":{"footnotes":""},"class_list":["post-925","page","type-page","status-publish","hentry"],"yoast_head":"<!-- This site is optimized with the Yoast SEO plugin v27.2 - https:\/\/yoast.com\/product\/yoast-seo-wordpress\/ -->\n<title>Poron kev\u00e4t - Poro ja poronhoito<\/title>\n<meta name=\"description\" content=\"Kev\u00e4t on vasonnan aikaa. Suurin osa poronvasoista syntyy toukokuussa, mutta vasonta jatkuu kes\u00e4kuun puolelle.\" \/>\n<meta name=\"robots\" content=\"index, follow, max-snippet:-1, max-image-preview:large, max-video-preview:-1\" \/>\n<link rel=\"canonical\" href=\"https:\/\/paliskunnat.fi\/poro\/poro\/poron-vuosi\/kevat\/\" \/>\n<meta property=\"og:locale\" content=\"fi_FI\" \/>\n<meta property=\"og:type\" content=\"article\" \/>\n<meta property=\"og:title\" content=\"Poron kev\u00e4t - Poro ja poronhoito\" \/>\n<meta property=\"og:description\" content=\"Kev\u00e4t on vasonnan aikaa. Suurin osa poronvasoista syntyy toukokuussa, mutta vasonta jatkuu kes\u00e4kuun puolelle.\" \/>\n<meta property=\"og:url\" content=\"https:\/\/paliskunnat.fi\/poro\/poro\/poron-vuosi\/kevat\/\" \/>\n<meta property=\"og:site_name\" content=\"Poro ja poronhoito\" \/>\n<meta property=\"article:modified_time\" content=\"2021-03-12T07:22:13+00:00\" \/>\n<meta property=\"og:image\" content=\"https:\/\/paliskunnat.fi\/poro\/wp-content\/uploads\/2014\/12\/poron_vasa.jpg\" \/>\n<meta name=\"twitter:card\" content=\"summary_large_image\" \/>\n<meta name=\"twitter:label1\" content=\"Arvioitu lukuaika\" \/>\n\t<meta name=\"twitter:data1\" content=\"2 minuuttia\" \/>\n<script type=\"application\/ld+json\" class=\"yoast-schema-graph\">{\"@context\":\"https:\/\/schema.org\",\"@graph\":[{\"@type\":\"WebPage\",\"@id\":\"https:\/\/paliskunnat.fi\/poro\/poro\/poron-vuosi\/kevat\/\",\"url\":\"https:\/\/paliskunnat.fi\/poro\/poro\/poron-vuosi\/kevat\/\",\"name\":\"Poron kev\u00e4t - Poro ja poronhoito\",\"isPartOf\":{\"@id\":\"https:\/\/paliskunnat.fi\/poro\/#website\"},\"primaryImageOfPage\":{\"@id\":\"https:\/\/paliskunnat.fi\/poro\/poro\/poron-vuosi\/kevat\/#primaryimage\"},\"image\":{\"@id\":\"https:\/\/paliskunnat.fi\/poro\/poro\/poron-vuosi\/kevat\/#primaryimage\"},\"thumbnailUrl\":\"https:\/\/paliskunnat.fi\/poro\/wp-content\/uploads\/2014\/12\/poron_vasa.jpg\",\"datePublished\":\"2014-12-16T13:02:23+00:00\",\"dateModified\":\"2021-03-12T07:22:13+00:00\",\"description\":\"Kev\u00e4t on vasonnan aikaa. Suurin osa poronvasoista syntyy toukokuussa, mutta vasonta jatkuu kes\u00e4kuun puolelle.\",\"breadcrumb\":{\"@id\":\"https:\/\/paliskunnat.fi\/poro\/poro\/poron-vuosi\/kevat\/#breadcrumb\"},\"inLanguage\":\"fi\",\"potentialAction\":[{\"@type\":\"ReadAction\",\"target\":[\"https:\/\/paliskunnat.fi\/poro\/poro\/poron-vuosi\/kevat\/\"]}]},{\"@type\":\"ImageObject\",\"inLanguage\":\"fi\",\"@id\":\"https:\/\/paliskunnat.fi\/poro\/poro\/poron-vuosi\/kevat\/#primaryimage\",\"url\":\"https:\/\/paliskunnat.fi\/poro\/wp-content\/uploads\/2014\/12\/poron_vasa.jpg\",\"contentUrl\":\"https:\/\/paliskunnat.fi\/poro\/wp-content\/uploads\/2014\/12\/poron_vasa.jpg\",\"width\":900,\"height\":944},{\"@type\":\"BreadcrumbList\",\"@id\":\"https:\/\/paliskunnat.fi\/poro\/poro\/poron-vuosi\/kevat\/#breadcrumb\",\"itemListElement\":[{\"@type\":\"ListItem\",\"position\":1,\"name\":\"Home\",\"item\":\"https:\/\/paliskunnat.fi\/poro\/\"},{\"@type\":\"ListItem\",\"position\":2,\"name\":\"Poro\",\"item\":\"https:\/\/paliskunnat.fi\/poro\/poro\/\"},{\"@type\":\"ListItem\",\"position\":3,\"name\":\"Poron vuosi\",\"item\":\"https:\/\/paliskunnat.fi\/poro\/poro\/poron-vuosi\/\"},{\"@type\":\"ListItem\",\"position\":4,\"name\":\"Poron kev\u00e4t\"}]},{\"@type\":\"WebSite\",\"@id\":\"https:\/\/paliskunnat.fi\/poro\/#website\",\"url\":\"https:\/\/paliskunnat.fi\/poro\/\",\"name\":\"Poro ja poronhoito\",\"description\":\"Poro ja poronhoito Suomessa\",\"potentialAction\":[{\"@type\":\"SearchAction\",\"target\":{\"@type\":\"EntryPoint\",\"urlTemplate\":\"https:\/\/paliskunnat.fi\/poro\/?s={search_term_string}\"},\"query-input\":{\"@type\":\"PropertyValueSpecification\",\"valueRequired\":true,\"valueName\":\"search_term_string\"}}],\"inLanguage\":\"fi\"}]}<\/script>\n<!-- \/ Yoast SEO plugin. -->","yoast_head_json":{"title":"Poron kev\u00e4t - Poro ja poronhoito","description":"Kev\u00e4t on vasonnan aikaa. Suurin osa poronvasoista syntyy toukokuussa, mutta vasonta jatkuu kes\u00e4kuun puolelle.","robots":{"index":"index","follow":"follow","max-snippet":"max-snippet:-1","max-image-preview":"max-image-preview:large","max-video-preview":"max-video-preview:-1"},"canonical":"https:\/\/paliskunnat.fi\/poro\/poro\/poron-vuosi\/kevat\/","og_locale":"fi_FI","og_type":"article","og_title":"Poron kev\u00e4t - Poro ja poronhoito","og_description":"Kev\u00e4t on vasonnan aikaa. Suurin osa poronvasoista syntyy toukokuussa, mutta vasonta jatkuu kes\u00e4kuun puolelle.","og_url":"https:\/\/paliskunnat.fi\/poro\/poro\/poron-vuosi\/kevat\/","og_site_name":"Poro ja poronhoito","article_modified_time":"2021-03-12T07:22:13+00:00","og_image":[{"url":"https:\/\/paliskunnat.fi\/poro\/wp-content\/uploads\/2014\/12\/poron_vasa.jpg","type":"","width":"","height":""}],"twitter_card":"summary_large_image","twitter_misc":{"Arvioitu lukuaika":"2 minuuttia"},"schema":{"@context":"https:\/\/schema.org","@graph":[{"@type":"WebPage","@id":"https:\/\/paliskunnat.fi\/poro\/poro\/poron-vuosi\/kevat\/","url":"https:\/\/paliskunnat.fi\/poro\/poro\/poron-vuosi\/kevat\/","name":"Poron kev\u00e4t - Poro ja poronhoito","isPartOf":{"@id":"https:\/\/paliskunnat.fi\/poro\/#website"},"primaryImageOfPage":{"@id":"https:\/\/paliskunnat.fi\/poro\/poro\/poron-vuosi\/kevat\/#primaryimage"},"image":{"@id":"https:\/\/paliskunnat.fi\/poro\/poro\/poron-vuosi\/kevat\/#primaryimage"},"thumbnailUrl":"https:\/\/paliskunnat.fi\/poro\/wp-content\/uploads\/2014\/12\/poron_vasa.jpg","datePublished":"2014-12-16T13:02:23+00:00","dateModified":"2021-03-12T07:22:13+00:00","description":"Kev\u00e4t on vasonnan aikaa. Suurin osa poronvasoista syntyy toukokuussa, mutta vasonta jatkuu kes\u00e4kuun puolelle.","breadcrumb":{"@id":"https:\/\/paliskunnat.fi\/poro\/poro\/poron-vuosi\/kevat\/#breadcrumb"},"inLanguage":"fi","potentialAction":[{"@type":"ReadAction","target":["https:\/\/paliskunnat.fi\/poro\/poro\/poron-vuosi\/kevat\/"]}]},{"@type":"ImageObject","inLanguage":"fi","@id":"https:\/\/paliskunnat.fi\/poro\/poro\/poron-vuosi\/kevat\/#primaryimage","url":"https:\/\/paliskunnat.fi\/poro\/wp-content\/uploads\/2014\/12\/poron_vasa.jpg","contentUrl":"https:\/\/paliskunnat.fi\/poro\/wp-content\/uploads\/2014\/12\/poron_vasa.jpg","width":900,"height":944},{"@type":"BreadcrumbList","@id":"https:\/\/paliskunnat.fi\/poro\/poro\/poron-vuosi\/kevat\/#breadcrumb","itemListElement":[{"@type":"ListItem","position":1,"name":"Home","item":"https:\/\/paliskunnat.fi\/poro\/"},{"@type":"ListItem","position":2,"name":"Poro","item":"https:\/\/paliskunnat.fi\/poro\/poro\/"},{"@type":"ListItem","position":3,"name":"Poron vuosi","item":"https:\/\/paliskunnat.fi\/poro\/poro\/poron-vuosi\/"},{"@type":"ListItem","position":4,"name":"Poron kev\u00e4t"}]},{"@type":"WebSite","@id":"https:\/\/paliskunnat.fi\/poro\/#website","url":"https:\/\/paliskunnat.fi\/poro\/","name":"Poro ja poronhoito","description":"Poro ja poronhoito Suomessa","potentialAction":[{"@type":"SearchAction","target":{"@type":"EntryPoint","urlTemplate":"https:\/\/paliskunnat.fi\/poro\/?s={search_term_string}"},"query-input":{"@type":"PropertyValueSpecification","valueRequired":true,"valueName":"search_term_string"}}],"inLanguage":"fi"}]}},"_links":{"self":[{"href":"https:\/\/paliskunnat.fi\/poro\/wp-json\/wp\/v2\/pages\/925","targetHints":{"allow":["GET"]}}],"collection":[{"href":"https:\/\/paliskunnat.fi\/poro\/wp-json\/wp\/v2\/pages"}],"about":[{"href":"https:\/\/paliskunnat.fi\/poro\/wp-json\/wp\/v2\/types\/page"}],"author":[{"embeddable":true,"href":"https:\/\/paliskunnat.fi\/poro\/wp-json\/wp\/v2\/users\/1"}],"replies":[{"embeddable":true,"href":"https:\/\/paliskunnat.fi\/poro\/wp-json\/wp\/v2\/comments?post=925"}],"version-history":[{"count":37,"href":"https:\/\/paliskunnat.fi\/poro\/wp-json\/wp\/v2\/pages\/925\/revisions"}],"predecessor-version":[{"id":4367,"href":"https:\/\/paliskunnat.fi\/poro\/wp-json\/wp\/v2\/pages\/925\/revisions\/4367"}],"up":[{"embeddable":true,"href":"https:\/\/paliskunnat.fi\/poro\/wp-json\/wp\/v2\/pages\/47"}],"wp:attachment":[{"href":"https:\/\/paliskunnat.fi\/poro\/wp-json\/wp\/v2\/media?parent=925"}],"curies":[{"name":"wp","href":"https:\/\/api.w.org\/{rel}","templated":true}]}}