{"id":1351,"date":"2014-11-22T22:50:50","date_gmt":"2014-11-22T20:50:50","guid":{"rendered":"http:\/\/80.69.171.23\/py\/?page_id=1351"},"modified":"2024-01-03T05:43:44","modified_gmt":"2024-01-03T03:43:44","slug":"nakkala","status":"publish","type":"page","link":"https:\/\/paliskunnat.fi\/py\/paliskunnat\/paliskuntien-tiedot\/nakkala\/","title":{"rendered":"11 N\u00e4kk\u00e4l\u00e4"},"content":{"rendered":"<h2>N\u00e4kk\u00e4l\u00e4<\/h2>\n<p>Porois\u00e4nt\u00e4: Ranta Hannu<br \/>\nPuhelin: 0400 173 820<br \/>\nS\u00e4hk\u00f6posti: &#x68;&#x61;&#x6e;&#110;&#117;&#46;r&#x61;&#x6e;&#x74;&#x61;&#53;&#49;8&#64;&#x6f;&#x75;&#x74;&#108;&#111;&#111;k&#46;&#x63;&#x6f;&#x6d;<\/p>\n<p><a href=\"https:\/\/paliskunnat.fi\/py\/wp-content\/uploads\/2014\/11\/11_nakkala.png\" rel=\"lightbox[1351]\"><img loading=\"lazy\" decoding=\"async\" class=\"alignnone wp-image-1353\" src=\"https:\/\/paliskunnat.fi\/py\/wp-content\/uploads\/2014\/11\/11_nakkala.png\" alt=\"11 N\u00e4kk\u00e4l\u00e4\" width=\"300\" height=\"387\" srcset=\"https:\/\/paliskunnat.fi\/py\/wp-content\/uploads\/2014\/11\/11_nakkala.png 776w, https:\/\/paliskunnat.fi\/py\/wp-content\/uploads\/2014\/11\/11_nakkala-232x300.png 232w\" sizes=\"auto, (max-width: 300px) 100vw, 300px\" \/><\/a><\/p>\n<table width=\"450\">\n<tbody>\n<tr>\n<td>Kotikunta:<\/td>\n<td>Enonteki\u00f6<\/td>\n<\/tr>\n<tr>\n<td>Pinta-ala:<\/td>\n<td>3 557,0 km<sup>2<\/sup><\/td>\n<\/tr>\n<tr>\n<td>Suurin sallittu eloporom\u00e4\u00e4r\u00e4:<\/td>\n<td>8 300<\/td>\n<\/tr>\n<tr>\n<td>Poronomistajia:<\/td>\n<td>166<\/td>\n<\/tr>\n<\/tbody>\n<\/table>\n<p>N\u00e4kk\u00e4l\u00e4n paliskunta kuuluu Enonteki\u00f6n merkkipiiriin. Paliskunta sijaitsee Enonteki\u00f6n kunnan etel\u00e4osassa.<\/p>\n<p>Paliskunta rajoittuu pohjoisessa Norjan rajaan, id\u00e4ss\u00e4 Sallivaaran, etel\u00e4ss\u00e4 Kyr\u00f6n ja Muonion paliskuntiin ja l\u00e4nness\u00e4 Ruotsin rajaan sek\u00e4 K\u00e4sivarren paliskuntaan.<\/p>\n<p>Paliskunnan maapinta-alasta 78,5 % on valtionmaata ja 21,5 % on muiden maanomistajien omistuksessa.<\/p>\n<p>&nbsp;<\/p>\n","protected":false},"excerpt":{"rendered":"<p>N\u00e4kk\u00e4l\u00e4 Porois\u00e4nt\u00e4: Ranta Hannu Puhelin: 0400 173 820 S\u00e4hk\u00f6posti: &#x68;&#x61;&#x6e;&#x6e;&#117;&#46;&#114;&#97;nta&#x35;&#x31;&#x38;&#x40;&#x6f;&#117;&#116;&#108;ook&#x2e;&#x63;&#x6f;&#x6d; Kotikunta: Enonteki\u00f6 Pinta-ala: 3 557,0 km2 Suurin sallittu eloporom\u00e4\u00e4r\u00e4: 8 300 Poronomistajia: 166 N\u00e4kk\u00e4l\u00e4n paliskunta kuuluu Enonteki\u00f6n merkkipiiriin. Paliskunta sijaitsee Enonteki\u00f6n kunnan etel\u00e4osassa. Paliskunta rajoittuu pohjoisessa Norjan rajaan, id\u00e4ss\u00e4 Sallivaaran, etel\u00e4ss\u00e4 Kyr\u00f6n ja Muonion paliskuntiin ja l\u00e4nness\u00e4 Ruotsin rajaan sek\u00e4 K\u00e4sivarren paliskuntaan. Paliskunnan maapinta-alasta 78,5 [&hellip;]<\/p>\n","protected":false},"author":1,"featured_media":0,"parent":420,"menu_order":11,"comment_status":"open","ping_status":"closed","template":"paliskuntasivut.php","meta":{"footnotes":""},"class_list":["post-1351","page","type-page","status-publish","hentry"],"_links":{"self":[{"href":"https:\/\/paliskunnat.fi\/py\/wp-json\/wp\/v2\/pages\/1351","targetHints":{"allow":["GET"]}}],"collection":[{"href":"https:\/\/paliskunnat.fi\/py\/wp-json\/wp\/v2\/pages"}],"about":[{"href":"https:\/\/paliskunnat.fi\/py\/wp-json\/wp\/v2\/types\/page"}],"author":[{"embeddable":true,"href":"https:\/\/paliskunnat.fi\/py\/wp-json\/wp\/v2\/users\/1"}],"replies":[{"embeddable":true,"href":"https:\/\/paliskunnat.fi\/py\/wp-json\/wp\/v2\/comments?post=1351"}],"version-history":[{"count":19,"href":"https:\/\/paliskunnat.fi\/py\/wp-json\/wp\/v2\/pages\/1351\/revisions"}],"predecessor-version":[{"id":7972,"href":"https:\/\/paliskunnat.fi\/py\/wp-json\/wp\/v2\/pages\/1351\/revisions\/7972"}],"up":[{"embeddable":true,"href":"https:\/\/paliskunnat.fi\/py\/wp-json\/wp\/v2\/pages\/420"}],"wp:attachment":[{"href":"https:\/\/paliskunnat.fi\/py\/wp-json\/wp\/v2\/media?parent=1351"}],"curies":[{"name":"wp","href":"https:\/\/api.w.org\/{rel}","templated":true}]}}