{"id":311,"date":"2014-08-29T13:24:23","date_gmt":"2014-08-29T10:24:23","guid":{"rendered":"http:\/\/80.69.171.23\/py\/?page_id=311"},"modified":"2026-01-15T20:01:17","modified_gmt":"2026-01-15T18:01:17","slug":"koeporotarha","status":"publish","type":"page","link":"https:\/\/paliskunnat.fi\/py\/organisaatio\/koeporotarha\/","title":{"rendered":"Koeporotarha"},"content":{"rendered":"<h2>Kutuharjun koeporotarha<\/h2>\n<p>Paliskuntain yhdistyksen omistama ja yll\u00e4pit\u00e4m\u00e4 koeporotarha sijaitsee Inarin kunnassa, <a href=\"https:\/\/asiointi.maanmittauslaitos.fi\/karttapaikka\/?share=customMarker&amp;n=7670652&amp;e=499827&amp;title=Kutuharju%20field%20reindeer%20research%20statio&amp;desc=Kutuharju%20field%20reindeer%20research%20statio&amp;zoom=7&amp;layers=%5B%7B%22id%22%3A2%2C%22opacity%22%3A100%7D%5D\" target=\"_blank\" rel=\"noopener\">Kutuharjussa<\/a>. Se on maailmanlaajuisesti ainoa laatuaan ja siell\u00e4 tehd\u00e4\u00e4n kansainv\u00e4lisesti merkitt\u00e4v\u00e4\u00e4 porotutkimusta. Kutuharjussa voidaan tutkia porojen k\u00e4ytt\u00e4ytymist\u00e4, fysiologiaa, genetiikkaa, lis\u00e4\u00e4ntymist\u00e4 ja ravinnonvalintaa laajasti sek\u00e4 luonnonlaitumilla ett\u00e4 ruokinnassa olevilla poroilla. Luonnonvarakeskus tekee koeporotarhalla tutkimusta ja yll\u00e4pit\u00e4\u00e4 koeporoista ker\u00e4tty\u00e4 pitk\u00e4aikaista aineistoa, jota on kertynyt vuodesta 1969 l\u00e4htien.<\/p>\n<p>Lue lis\u00e4\u00e4 Luonnonvarakeskuksen <a href=\"https:\/\/www.luke.fi\/fi\/tutkimus\/tutkimusinfrastruktuurit\/kutuharjun-porontutkimuksen-tutkimusalusta\">sivuilta<\/a><\/p>\n\n\t\t<style type=\"text\/css\">\n\t\t\t#gallery-1 {\n\t\t\t\tmargin: auto;\n\t\t\t}\n\t\t\t#gallery-1 .gallery-item {\n\t\t\t\tfloat: left;\n\t\t\t\tmargin-top: 10px;\n\t\t\t\ttext-align: center;\n\t\t\t\twidth: 33%;\n\t\t\t}\n\t\t\t#gallery-1 img {\n\t\t\t\tborder: 2px solid #cfcfcf;\n\t\t\t}\n\t\t\t#gallery-1 .gallery-caption {\n\t\t\t\tmargin-left: 0;\n\t\t\t}\n\t\t\t\/* see gallery_shortcode() in wp-includes\/media.php *\/\n\t\t<\/style>\n\t\t<div id='gallery-1' class='gallery galleryid-311 gallery-columns-3 gallery-size-thumbnail'><dl class='gallery-item'>\n\t\t\t<dt class='gallery-icon landscape'>\n\t\t\t\t<a href='https:\/\/paliskunnat.fi\/py\/wp-content\/uploads\/2014\/08\/kuva011.jpg' rel=\"lightbox[311]\"><img loading=\"lazy\" decoding=\"async\" width=\"150\" height=\"150\" src=\"https:\/\/paliskunnat.fi\/py\/wp-content\/uploads\/2014\/08\/kuva011-150x150.jpg\" class=\"attachment-thumbnail size-thumbnail\" alt=\"Kutuharju koeporotilan porot saapuvat noutamaan j\u00e4k\u00e4l\u00e4\u00e4\" \/><\/a>\n\t\t\t<\/dt><\/dl><dl class='gallery-item'>\n\t\t\t<dt class='gallery-icon landscape'>\n\t\t\t\t<a href='https:\/\/paliskunnat.fi\/py\/wp-content\/uploads\/2014\/08\/kuva031.jpg' rel=\"lightbox[311]\"><img loading=\"lazy\" decoding=\"async\" width=\"150\" height=\"150\" src=\"https:\/\/paliskunnat.fi\/py\/wp-content\/uploads\/2014\/08\/kuva031-150x150.jpg\" class=\"attachment-thumbnail size-thumbnail\" alt=\"Helteinen p\u00e4iv\u00e4 k\u00e4\u00e4ntyy iltaan ja viilenev\u00e4 ilta suo lepoa (toukokuu 2013)\" \/><\/a>\n\t\t\t<\/dt><\/dl><dl class='gallery-item'>\n\t\t\t<dt class='gallery-icon portrait'>\n\t\t\t\t<a href='https:\/\/paliskunnat.fi\/py\/wp-content\/uploads\/2014\/08\/kuva04.jpg' rel=\"lightbox[311]\"><img loading=\"lazy\" decoding=\"async\" width=\"150\" height=\"150\" src=\"https:\/\/paliskunnat.fi\/py\/wp-content\/uploads\/2014\/08\/kuva04-150x150.jpg\" class=\"attachment-thumbnail size-thumbnail\" alt=\"Koeporotilanhoitaja Mika Tervonen annostelemassa poroille rehua\" \/><\/a>\n\t\t\t<\/dt><\/dl><br style=\"clear: both\" \/><dl class='gallery-item'>\n\t\t\t<dt class='gallery-icon landscape'>\n\t\t\t\t<a href='https:\/\/paliskunnat.fi\/py\/wp-content\/uploads\/2014\/08\/kuva06.jpg' rel=\"lightbox[311]\"><img loading=\"lazy\" decoding=\"async\" width=\"150\" height=\"150\" src=\"https:\/\/paliskunnat.fi\/py\/wp-content\/uploads\/2014\/08\/kuva06-150x150.jpg\" class=\"attachment-thumbnail size-thumbnail\" alt=\"Kutuharjun poikki virtaava puro tarjoaa poroille raikkaan juomaveden\" \/><\/a>\n\t\t\t<\/dt><\/dl><dl class='gallery-item'>\n\t\t\t<dt class='gallery-icon landscape'>\n\t\t\t\t<a href='https:\/\/paliskunnat.fi\/py\/wp-content\/uploads\/2014\/08\/kuva07.jpg' rel=\"lightbox[311]\"><img loading=\"lazy\" decoding=\"async\" width=\"150\" height=\"150\" src=\"https:\/\/paliskunnat.fi\/py\/wp-content\/uploads\/2014\/08\/kuva07-150x150.jpg\" class=\"attachment-thumbnail size-thumbnail\" alt=\"Tutkijoiden k\u00e4yt\u00f6ss\u00e4 oleva majapaikka\" \/><\/a>\n\t\t\t<\/dt><\/dl><dl class='gallery-item'>\n\t\t\t<dt class='gallery-icon landscape'>\n\t\t\t\t<a href='https:\/\/paliskunnat.fi\/py\/wp-content\/uploads\/2024\/10\/drone-kuva-kutuharju-2024.jpg' rel=\"lightbox[311]\"><img loading=\"lazy\" decoding=\"async\" width=\"150\" height=\"150\" src=\"https:\/\/paliskunnat.fi\/py\/wp-content\/uploads\/2024\/10\/drone-kuva-kutuharju-2024-150x150.jpg\" class=\"attachment-thumbnail size-thumbnail\" alt=\"Kutuharjun koeporotarha syksyll\u00e4 2024\" \/><\/a>\n\t\t\t<\/dt><\/dl><br style=\"clear: both\" \/>\n\t\t<\/div>\n\n<p>&nbsp;<\/p>\n<p>Luonnonvarakeskus koordinoi Kutuharjun koeporotarhan tutkimustoimintaa ja -v\u00e4lineist\u00f6\u00e4 sen osalta, millaista tutkimusta ja koetoimintaa Luonnonvarakeskus tekee. Porojen k\u00e4yt\u00f6n koordinoinnista ja porojen hoidosta vastaa Paliskuntain yhdistys.<\/p>\n<p>Kutuharjussa on ennen syksyn teurastuksia 170\u2013200 poroa. Vuosittaisten teurastusten j\u00e4lkeen koeporotarhalla on 80\u2013100 vaadinta, 10\u201340 vasaa ja 10\u201320 hirvasta.<\/p>\n<p>Tarhan pinta-ala on 43 neli\u00f6kilometri\u00e4 ja se on jaettu nelj\u00e4\u00e4n lohkoon: Lauluvaara (14 neli\u00f6kilometri\u00e4), Sinioivi (15 neli\u00f6kilometri\u00e4), Piskivaara (9,5 neli\u00f6kilometri\u00e4 ) ja Maantielohko (3,5 neli\u00f6kilometri\u00e4). Lauluvaaran ja Sinioivin lohkoilla porot laiduntavat kes\u00e4ll\u00e4 ja syksyll\u00e4. Piskivaara ja Maantielohko ovat porojen talvilaidunta.<\/p>\n<p>Oletko kiinnostunut tekem\u00e4\u00e4n tutkimusta Kutuharjun koeporotarhalla? Ota yhteytt\u00e4 koeporotarhanhoitajaan tai katso lis\u00e4tietoja <a href=\"https:\/\/www.luke.fi\/fi\/tutkimus\/tutkimusinfrastruktuurit\/kutuharjun-tutkimusinfrastruktuuri\/porontutkimuksen-tekeminen-kutuharjussa\">porotutkimuksen tekemisest\u00e4<\/a> Kutuharjussa Luken WWW-sivuilta.<\/p>\n<p>&nbsp;<\/p>\n<p>Lis\u00e4tiedot <a href=\"https:\/\/www.paliskunnat.fi\/py\/organisaatio\/yhteystiedot\/henkilokunta\/#koeporotarha\">koeporotarhanhoitaja<\/a><\/p>\n<p><!--more--><\/p>\n<h2>Kutuharju Mets\u00e4radiossa<\/h2>\n<p>Jouko Kumpula kertoo Kutuharjun poroista ja porotutkimuksesta.<br \/>\n<a href=\"https:\/\/areena.yle.fi\/podcastit\/1-67453548\" target=\"_blank\" rel=\"noopener\">Kutuharju osa 1\/2<\/a><br \/>\n<a href=\"https:\/\/areena.yle.fi\/podcastit\/1-67453577\" target=\"_blank\" rel=\"noopener\">Kutuharju osa 2\/2<\/a><\/p>\n<h2>Luke &#8211; Porotutkimus<\/h2>\n<p><a href=\"https:\/\/www.luke.fi\/fi\/tutkimus\/tutkimusinfrastruktuurit\/kutuharjun-tutkimusinfrastruktuuri\">Kutuharjun tutkimusinfrastruktuuri<\/a><\/p>\n<h2>Luke &#8211; Porotarhan kehitt\u00e4minen<\/h2>\n<p><a href=\"https:\/\/jukuri.luke.fi\/handle\/10024\/553195\">Tutkimustietoa tulevaisuudessakin elinkeinolle<\/a><\/p>\n<h2>Poromies-lehti<\/h2>\n<p><a href=\"https:\/\/poromieslehti.blogspot.com\/2022\/10\/kutuharjun-koeporotarhan-tutkimus.html\">Kutuharjun tutkimus liikkuu pian py\u00f6rill\u00e4<\/a><\/p>\n","protected":false},"excerpt":{"rendered":"<p>Koeporotarha, Kaamanen<\/p>\n","protected":false},"author":1,"featured_media":0,"parent":4,"menu_order":5,"comment_status":"open","ping_status":"closed","template":"","meta":{"footnotes":""},"class_list":["post-311","page","type-page","status-publish","hentry"],"_links":{"self":[{"href":"https:\/\/paliskunnat.fi\/py\/wp-json\/wp\/v2\/pages\/311","targetHints":{"allow":["GET"]}}],"collection":[{"href":"https:\/\/paliskunnat.fi\/py\/wp-json\/wp\/v2\/pages"}],"about":[{"href":"https:\/\/paliskunnat.fi\/py\/wp-json\/wp\/v2\/types\/page"}],"author":[{"embeddable":true,"href":"https:\/\/paliskunnat.fi\/py\/wp-json\/wp\/v2\/users\/1"}],"replies":[{"embeddable":true,"href":"https:\/\/paliskunnat.fi\/py\/wp-json\/wp\/v2\/comments?post=311"}],"version-history":[{"count":60,"href":"https:\/\/paliskunnat.fi\/py\/wp-json\/wp\/v2\/pages\/311\/revisions"}],"predecessor-version":[{"id":8733,"href":"https:\/\/paliskunnat.fi\/py\/wp-json\/wp\/v2\/pages\/311\/revisions\/8733"}],"up":[{"embeddable":true,"href":"https:\/\/paliskunnat.fi\/py\/wp-json\/wp\/v2\/pages\/4"}],"wp:attachment":[{"href":"https:\/\/paliskunnat.fi\/py\/wp-json\/wp\/v2\/media?parent=311"}],"curies":[{"name":"wp","href":"https:\/\/api.w.org\/{rel}","templated":true}]}}