{"id":597,"date":"2014-11-05T14:56:57","date_gmt":"2014-11-05T12:56:57","guid":{"rendered":"http:\/\/80.69.171.23\/py\/?page_id=597"},"modified":"2020-10-30T13:00:41","modified_gmt":"2020-10-30T11:00:41","slug":"susi","status":"publish","type":"page","link":"https:\/\/paliskunnat.fi\/py\/porovahingot\/petoelainvahingot\/susi\/","title":{"rendered":"Susi"},"content":{"rendered":"<h2>Susi (Canis lupus)<\/h2>\n<p>Susi tappaa poroja l\u00e4pi vuoden siell\u00e4, miss\u00e4 kulloinkin liikkuu. Eniten vahinkoja tapahtuu it\u00e4isell\u00e4 poronhoitoalueella, jossa ongelmia aiheuttaa Ven\u00e4j\u00e4n runsas ja raja-aluetta tehokkaasti hy\u00f6dynt\u00e4v\u00e4 susikanta.<\/p>\n<div id=\"attachment_6714\" style=\"width: 470px\" class=\"wp-caption alignnone\"><a href=\"https:\/\/paliskunnat.fi\/py\/wp-content\/uploads\/2020\/10\/susi-jan-ove-gjershaug.jpg\" rel=\"lightbox[597]\"><img loading=\"lazy\" decoding=\"async\" aria-describedby=\"caption-attachment-6714\" class=\"wp-image-6714\" src=\"https:\/\/paliskunnat.fi\/py\/wp-content\/uploads\/2020\/10\/susi-jan-ove-gjershaug.jpg\" alt=\"Susi\" width=\"460\" height=\"439\" srcset=\"https:\/\/paliskunnat.fi\/py\/wp-content\/uploads\/2020\/10\/susi-jan-ove-gjershaug.jpg 839w, https:\/\/paliskunnat.fi\/py\/wp-content\/uploads\/2020\/10\/susi-jan-ove-gjershaug-300x286.jpg 300w, https:\/\/paliskunnat.fi\/py\/wp-content\/uploads\/2020\/10\/susi-jan-ove-gjershaug-768x732.jpg 768w\" sizes=\"auto, (max-width: 460px) 100vw, 460px\" \/><\/a><p id=\"caption-attachment-6714\" class=\"wp-caption-text\"><a href=\"https:\/\/creativecommons.org\/licenses\/by\/4.0\/deed.fi\">CC BY 4.0<\/a> <a href=\"https:\/\/www.artsdatabanken.no\/taxon\/Canis%20lupus\/48025\">Jan Ove Gjershaug<\/a><\/p><\/div>\n<p>Susien ja porojen pidempikestoinen yhteiselo samalla alueella on mahdotonta. Poro on sudelle liian helppo saalis ja vahinkokertym\u00e4t nousevat nopeasti kest\u00e4m\u00e4tt\u00f6miin mittasuhteisiin. Susien aiheuttamien porovahinkojen m\u00e4\u00e4r\u00e4 on riippuvainen poronhoitoalueelle my\u00f6nnett\u00e4vist\u00e4 susien poistoluvista\u00a0ja poistoprosessin\u00a0onnistumisesta. Mik\u00e4li\u00a0p\u00e4\u00e4t\u00f6ksenteko ja k\u00e4yt\u00e4nn\u00f6n ty\u00f6 sujuvat\u00a0tehokkaasti, my\u00f6s vahinkom\u00e4\u00e4r\u00e4t saadaan pidetty\u00e4 siedett\u00e4v\u00e4ll\u00e4 tasolla.<\/p>\n<p>Susi kuuluu poronhoitoalueella\u00a0muusta maasta poiketen\u00a0<a href=\"http:\/\/eur-lex.europa.eu\/LexUriServ\/LexUriServ.do?uri=CELEX:31992L0043:FI:HTML\">luontodirektiiviin<\/a>\u00a0liitteeseen V, eli sit\u00e4 on l\u00e4ht\u00f6kohtaisesti mahdollista mets\u00e4st\u00e4\u00e4. Susikannan suojelun kannalta susien liikkuminen l\u00e4nsirajan yli Ruotsiin on n\u00e4hty t\u00e4rke\u00e4n\u00e4 tavoitteena. N\u00e4in pyrit\u00e4\u00e4n ehk\u00e4isem\u00e4\u00e4n ruotsalais-norjalaisen susipopulaation sis\u00e4siittoisuutta. Vaeltavilla nuorilla susilla on esteet\u00f6n mahdollisuus liikkua Suomesta Skandinaviaan, sill\u00e4 sulan maan aikana sudenpyynti ei k\u00e4yt\u00e4nn\u00f6ss\u00e4 onnistu edes poikkeusluvin.\u00a0Susia liikkuukin tutkimusten mukaan vuosittain rajan yli nykyisell\u00e4\u00e4n suojelutavoitteiden n\u00e4k\u00f6kulmasta riitt\u00e4v\u00e4sti.<br \/>\n<!--more--><\/p>\n<h2>Susikannan hoitosuunnitelma<\/h2>\n<p>MMM 4\/2015 (<a href=\"http:\/\/mmm.fi\/documents\/1410837\/1516659\/Susikannan_hoitosuunnitelma.pdf\/7fd2acc9-9cdf-4b06-a22e-55c07182883e\">PDF<\/a>\u00a01860 kt)<\/p>\n<h2>Mets\u00e4stysasetukset<\/h2>\n<p>Ajantasaiset asetukset\u00a0<a href=\"http:\/\/mmm.fi\/riista\/metsastyksen-rajoittaminen-ja-ministerion-asetukset\">MMM:n sivuilla<\/a><\/p>\n","protected":false},"excerpt":{"rendered":"<p>Susi (Canis lupus) Susi tappaa poroja l\u00e4pi vuoden siell\u00e4, miss\u00e4 kulloinkin liikkuu. Eniten vahinkoja tapahtuu it\u00e4isell\u00e4 poronhoitoalueella, jossa ongelmia aiheuttaa Ven\u00e4j\u00e4n runsas ja raja-aluetta tehokkaasti hy\u00f6dynt\u00e4v\u00e4 susikanta. Susien ja porojen pidempikestoinen yhteiselo samalla alueella on mahdotonta. Poro on sudelle liian helppo saalis ja vahinkokertym\u00e4t nousevat nopeasti kest\u00e4m\u00e4tt\u00f6miin mittasuhteisiin. Susien aiheuttamien porovahinkojen m\u00e4\u00e4r\u00e4 on riippuvainen poronhoitoalueelle [&hellip;]<\/p>\n","protected":false},"author":1,"featured_media":0,"parent":578,"menu_order":4,"comment_status":"open","ping_status":"closed","template":"","meta":{"footnotes":""},"class_list":["post-597","page","type-page","status-publish","hentry"],"_links":{"self":[{"href":"https:\/\/paliskunnat.fi\/py\/wp-json\/wp\/v2\/pages\/597","targetHints":{"allow":["GET"]}}],"collection":[{"href":"https:\/\/paliskunnat.fi\/py\/wp-json\/wp\/v2\/pages"}],"about":[{"href":"https:\/\/paliskunnat.fi\/py\/wp-json\/wp\/v2\/types\/page"}],"author":[{"embeddable":true,"href":"https:\/\/paliskunnat.fi\/py\/wp-json\/wp\/v2\/users\/1"}],"replies":[{"embeddable":true,"href":"https:\/\/paliskunnat.fi\/py\/wp-json\/wp\/v2\/comments?post=597"}],"version-history":[{"count":28,"href":"https:\/\/paliskunnat.fi\/py\/wp-json\/wp\/v2\/pages\/597\/revisions"}],"predecessor-version":[{"id":6717,"href":"https:\/\/paliskunnat.fi\/py\/wp-json\/wp\/v2\/pages\/597\/revisions\/6717"}],"up":[{"embeddable":true,"href":"https:\/\/paliskunnat.fi\/py\/wp-json\/wp\/v2\/pages\/578"}],"wp:attachment":[{"href":"https:\/\/paliskunnat.fi\/py\/wp-json\/wp\/v2\/media?parent=597"}],"curies":[{"name":"wp","href":"https:\/\/api.w.org\/{rel}","templated":true}]}}